{"id":1074,"date":"2021-04-23T10:27:58","date_gmt":"2021-04-23T13:27:58","guid":{"rendered":"http:\/\/www.cpa.univasf.edu.br\/?page_id=1074"},"modified":"2022-03-09T14:24:32","modified_gmt":"2022-03-09T17:24:32","slug":"composicao-das-cpacs-attteste","status":"publish","type":"page","link":"https:\/\/cpa.univasf.edu.br\/?page_id=1074","title":{"rendered":"Composi\u00e7\u00e3o das CPACs"},"content":{"rendered":"\n<span class=\"collapseomatic \" id=\"id69f10a1faedef\"  tabindex=\"0\" title=\"ADMINISTRA\u00c7\u00c3O\"    >ADMINISTRA\u00c7\u00c3O<\/span><div id=\"target-id69f10a1faedef\" class=\"collapseomatic_content \">\n\n\n<p><!--EndFragment--><\/p>\n<p><b><strong>1.Presidente:<\/strong><\/b>&nbsp;Maria Clotilde Meirelles Ribeiro<\/p>\n<p><b><strong>2.Vice-Presidente:&nbsp;<\/strong><\/b>Guilherme de Souza Medeiros<\/p>\n<p><b><strong>3.Representante docente pesquisador, integrante de grupo de pesquisa, registrado no CNPq e certificado pela institui\u00e7\u00e3o:<\/strong><\/b>&nbsp;Alvany Maria dos Santos Santiago<\/p>\n<p><b><strong>4.Representante docente atuante em projetos de Extens\u00e3o:<\/strong><\/b>&nbsp;Deranor Gomes de Oliveira<\/p>\n<p><b><strong>5.Representante dos discentes, eleito por seus pares:<\/strong><\/b>&nbsp;Jakeline Gomes da Silva<\/p>\n<p><b><strong>6.Representante da comunidade externa, indicado pelo Colegiado, com atua\u00e7\u00e3o na \u00e1rea espec\u00edfica ou afim do respectivo curso:&nbsp;<\/strong><\/b><em>Aguardando Indica\u00e7\u00e3o<\/em><\/p>\n\n\n<\/div>\n\n\n\n<p><\/p>\n\n\n\n<span class=\"collapseomatic \" id=\"id69f10a1faee0e\"  tabindex=\"0\" title=\"ANTROPOLOGIA\"    >ANTROPOLOGIA<\/span><div id=\"target-id69f10a1faee0e\" class=\"collapseomatic_content \">\n\n\n<p><b><strong>1.Presidente:<\/strong><\/b>&nbsp;Joaquim do Nascimento J\u00fanior<\/p>\n<p><b><strong>2.Vice-Presidente:&nbsp;<\/strong><\/b>Camila Galan de Paula<\/p>\n<p><b><strong>3.Representante docente pesquisador, integrante de grupo de pesquisa, registrado no CNPq e certificado pela institui\u00e7\u00e3o:<\/strong><\/b>&nbsp;Jos\u00e9 Jaime Freitas Macedo<\/p>\n<p><b><strong>4.Representante docente atuante em projetos de Extens\u00e3o:<\/strong><\/b>&nbsp;Bernardo Curvelano Freire<\/p>\n<p><b><strong>5.Representante dos discentes, eleito por seus pares:<\/strong><\/b>&nbsp;Edmar dos Santos Mota<\/p>\n<p><b><strong>6.Representante da comunidade externa, indicado pelo Colegiado, com atua\u00e7\u00e3o na \u00e1rea espec\u00edfica ou afim do respectivo curso:<\/strong><\/b>&nbsp;<em>Aguardando Indica\u00e7\u00e3o<\/em><\/p>\n\n\n<\/div>\n\n\n\n<p><\/p>\n\n\n\n<span class=\"collapseomatic \" id=\"id69f10a1faee19\"  tabindex=\"0\" title=\"ARQUEOLOGIA E PRESERVA\u00c7\u00c3O PATRIMONIAL\"    >ARQUEOLOGIA E PRESERVA\u00c7\u00c3O PATRIMONIAL<\/span><div id=\"target-id69f10a1faee19\" class=\"collapseomatic_content \">\n\n\n<p><b><strong>1.Presidente:<\/strong><\/b>&nbsp;Waldimir Maia Leite Neto<\/p>\n<p><b><strong>2.Vice-Presidente:&nbsp;<\/strong><\/b>Alencar de Miranda Amaral<\/p>\n<p><b><strong>3.Representante docente pesquisador, integrante de grupo de pesquisa, registrado no CNPq e certificado pela institui\u00e7\u00e3o:<\/strong><\/b>&nbsp;Leandro Elias Canaan Mageste<\/p>\n<p><b><strong>4.Representante docente atuante em projetos de Extens\u00e3o:<\/strong><\/b>&nbsp;N\u00edvia Paula Dias de Assis<\/p>\n<p><b><strong>5.Representante dos discentes, eleito por seus pares:<\/strong><\/b>&nbsp;Clara Pereira Florio<\/p>\n<p><b><strong>6.Representante da comunidade externa, indicado pelo Colegiado, com atua\u00e7\u00e3o na \u00e1rea espec\u00edfica ou afim do respectivo curso:<\/strong><\/b>&nbsp;Sandro Ribeiro de Castro<\/p>\n\n\n<\/div>\n\n\n\n<p><\/p>\n\n\n\n<span class=\"collapseomatic \" id=\"id69f10a1faee22\"  tabindex=\"0\" title=\"ARTES VISUAIS\"    >ARTES VISUAIS<\/span><div id=\"target-id69f10a1faee22\" class=\"collapseomatic_content \">\n\n\n<p><b><strong>1.Presidente:<\/strong><\/b>&nbsp;Janedalva Pontes Gondim<\/p>\n<p><b><strong>2.Vice-Presidente<\/strong><\/b>: Fl\u00e1via Maria de Brito Vasconcelos<\/p>\n<p><b><strong>3.Representante docente pesquisador, integrante de grupo de pesquisa, registrado no CNPq e certificado pela institui\u00e7\u00e3o:&nbsp;<\/strong><\/b>Clarissa Campello Ramos<\/p>\n<p><b><strong>4.Representante docente atuante em projetos de Extens\u00e3o:&nbsp;<\/strong><\/b>Edson Rodrigues Macalini<\/p>\n<p><b><strong>5.Representante dos discentes, eleito por seus pares:&nbsp;<\/strong><\/b>Petterson Domingos Sousa Nobre<\/p>\n<p><b><strong>6.Representante da comunidade externa, indicado pelo Colegiado, com atua\u00e7\u00e3o na \u00e1rea espec\u00edfica ou afim do respectivo curso:&nbsp;<\/strong><\/b><em>Aguardando Indica\u00e7\u00e3o<\/em><\/p>\n\n\n<\/div>\n\n\n\n<p><\/p>\n\n\n\n<span class=\"collapseomatic \" id=\"id69f10a1faee29\"  tabindex=\"0\" title=\"CI\u00caNCIAS BIOL\u00d3GICAS\"    >CI\u00caNCIAS BIOL\u00d3GICAS<\/span><div id=\"target-id69f10a1faee29\" class=\"collapseomatic_content \">\n\n\n<p><b><strong>1.Presidente:<\/strong><\/b>\u00a0Gustavo Frensch<\/p>\n<p><b><strong>2.Vice-Presidente:\u00a0<\/strong><\/b><em>Aguardando Indica\u00e7\u00e3o<\/em><\/p>\n<p><b><strong>3.Representante docente pesquisador, integrante de grupo de pesquisa, registrado no CNPq e certificado pela institui\u00e7\u00e3o:\u00a0<\/strong><\/b>Kyria Cilene de Andrade Bortoleti<\/p>\n<p><b><strong>4.Representante docente atuante em projetos de Extens\u00e3o:<\/strong><\/b>\u00a0Marco Aurelio Gallo de Franca<\/p>\n<p><b><strong>5.Representante dos discentes, eleito por seus pares:<\/strong><\/b>\u00a0Ana Laura Nunes da Silva<\/p>\n<p><b><strong>6.Representante da comunidade externa, indicado pelo Colegiado, com atua\u00e7\u00e3o na \u00e1rea espec\u00edfica ou afim do respectivo curso:<\/strong><\/b>\u00a0<em>Aguardando Indica\u00e7\u00e3o<\/em><\/p>\n<p><a href=\"https:\/\/cpa.univasf.edu.br\/wp-content\/uploads\/2022\/03\/CPA_PORTARIA-N\u00ba-086-DE-04-DE-MAR\u00c7O-DE-2022.pdf\">Portaria<\/a><\/p>\n\n\n<\/div>\n\n\n\n<p><\/p>\n\n\n\n<span class=\"collapseomatic \" id=\"id69f10a1faee30\"  tabindex=\"0\" title=\"CI\u00caNCIA DA NATUREZA (SENHOR DO BONFIM)\"    >CI\u00caNCIA DA NATUREZA (SENHOR DO BONFIM)<\/span><div id=\"target-id69f10a1faee30\" class=\"collapseomatic_content \">\n\n\n<p><b><strong>1.Presidente:<\/strong><\/b>&nbsp;Virginia Farias Pereira de Ara\u00fajo<\/p>\n<p><b><strong>2.Vice-Presidente:&nbsp;<\/strong><\/b>Gustavo Frensch<\/p>\n<p><b><strong>3.Representante docente pesquisador, integrante de grupo de pesquisa, registrado no CNPq e certificado pela institui\u00e7\u00e3o:&nbsp;<\/strong><\/b>Liliane Gallindo Dantas de Oliveira<\/p>\n<p><b><strong>4.Representante docente atuante em projetos de Extens\u00e3o:&nbsp;<\/strong><\/b>Emanuella Lopes Franco<\/p>\n<p><b><strong>5.Representante dos discentes, eleito por seus pares:&nbsp;<\/strong><\/b>Carlos Arl\u00eanio Evangelista Silva<\/p>\n<p><b><strong>6.Representante da comunidade externa, indicado pelo Colegiado, com atua\u00e7\u00e3o na \u00e1rea espec\u00edfica ou afim do respectivo curso:&nbsp;<\/strong><\/b><em>Aguardando Indica\u00e7\u00e3o<\/em><\/p>\n\n\n<\/div>\n\n\n\n<p><\/p>\n\n\n\n<span class=\"collapseomatic \" id=\"id69f10a1faee37\"  tabindex=\"0\" title=\"CI\u00caNCIA DA NATUREZA (S\u00c3O RAIMUNDO NONATO)\"    >CI\u00caNCIA DA NATUREZA (S\u00c3O RAIMUNDO NONATO)<\/span><div id=\"target-id69f10a1faee37\" class=\"collapseomatic_content \">\n\n\n<p><b><strong>1.Presidente:&nbsp;<\/strong><\/b>Arnaldo Jos\u00e9 Correia Magalh\u00e3es J\u00fanior<\/p>\n<p><b><strong>2.Vice-Presidente:&nbsp;<\/strong><\/b>&nbsp;Mayane Leite da N\u00f3brega<\/p>\n<p><b><strong>3.Representante docente pesquisador, integrante de grupo de pesquisa, registrado no CNPq e certificado pela institui\u00e7\u00e3o:<\/strong><\/b>&nbsp;Ren\u00ea Jota Arruda de Macedo<\/p>\n<p><b><strong>4.Representante docente atuante em projetos de Extens\u00e3o:<\/strong><\/b>&nbsp;Andr\u00e9 Luiz Freire da Silva<\/p>\n<p><b><strong>5.Representante dos discentes, eleito por seus pares:<\/strong><\/b>&nbsp;Jocilane Fran\u00e7a Pacheco<\/p>\n<p><b><strong>6.Representante da comunidade externa, indicado pelo Colegiado, com atua\u00e7\u00e3o na \u00e1rea espec\u00edfica ou afim do respectivo curso:<\/strong><\/b>&nbsp;<em>Aguardando Indica\u00e7\u00e3o<\/em><\/p>\n\n\n<\/div>\n\n\n\n<p><\/p>\n\n\n\n<span class=\"collapseomatic \" id=\"id69f10a1faee3e\"  tabindex=\"0\" title=\"CI\u00caNCIAS FARMAC\u00caUTICAS\"    >CI\u00caNCIAS FARMAC\u00caUTICAS<\/span><div id=\"target-id69f10a1faee3e\" class=\"collapseomatic_content \">\n\n\n<p><b><strong>1.Presidente:&nbsp;<\/strong><\/b>Cedenir Pereira de Quadros<\/p>\n<p><b><strong>2.Vice-Presidente:&nbsp;<\/strong><\/b>Ana C\u00e1cia Freire dos Santos<\/p>\n<p><b><strong>3.Representante docente pesquisador, integrante de grupo de pesquisa, registrado no CNPq e certificado pela institui\u00e7\u00e3o:<\/strong><\/b>&nbsp;Cheila Nataly Galindo Bedor<\/p>\n<p><b><strong>4.Representante docente atuante em projetos de Extens\u00e3o:<\/strong><\/b>&nbsp;Tiago Ferreira da Silva Ara\u00fajo<\/p>\n<p><b><strong>5.Representante dos discentes, eleito por seus pares:<\/strong><\/b>&nbsp;Jefferson Felipe Moreira de Sousa<\/p>\n<p><b><strong>6.Representante da comunidade externa, indicado pelo Colegiado, com atua\u00e7\u00e3o na \u00e1rea espec\u00edfica ou afim do respectivo curso:<\/strong><\/b>&nbsp;Rozalva Maria Rodrigues Perazzo<\/p>\n\n\n<\/div>\n\n\n\n<p><\/p>\n\n\n\n<span class=\"collapseomatic \" id=\"id69f10a1faee44\"  tabindex=\"0\" title=\"CI\u00caNCIAS SOCIAIS\"    >CI\u00caNCIAS SOCIAIS<\/span><div id=\"target-id69f10a1faee44\" class=\"collapseomatic_content \">\n\n\n<p><b><strong>1.Presidente:&nbsp;<\/strong><\/b>Paula Galr\u00e3o<\/p>\n<p><b><strong>2.Vice-Presidente:&nbsp;<\/strong><\/b>Vanderlea Andrade<\/p>\n<p><b><strong>3.Representante docente pesquisador, integrante de grupo de pesquisa, registrado no CNPq e certificado pela institui\u00e7\u00e3o:<\/strong><\/b>&nbsp;Herm\u00f3genes Moura<\/p>\n<p><b><strong>4.Representante docente atuante em projetos de Extens\u00e3o:<\/strong><\/b>&nbsp;Alexandre H. Reis<\/p>\n<p><b><strong>5.Representante dos discentes, eleito por seus pares:<\/strong><\/b>&nbsp;Luiz Ricardo Costa Molina<\/p>\n<p><b><strong>6.Representante da comunidade externa, indicado pelo Colegiado, com atua\u00e7\u00e3o na \u00e1rea espec\u00edfica ou afim do respectivo curso:<\/strong><\/b>&nbsp;<em>Aguardando Indica\u00e7\u00e3o<\/em><\/p>\n\n\n<\/div>\n\n\n\n<p><\/p>\n\n\n\n<span class=\"collapseomatic \" id=\"id69f10a1faee4b\"  tabindex=\"0\" title=\"ECOLOGIA\"    >ECOLOGIA<\/span><div id=\"target-id69f10a1faee4b\" class=\"collapseomatic_content \">\n\n\n<p><b><strong>1.Presidente:<\/strong><\/b>&nbsp;Felipe Silva Ferreira<\/p>\n<p><b><strong>2.Vice-Presidente:&nbsp;<\/strong><\/b>Jhonathan de Oliveira Silva<\/p>\n<p><b><strong>3.Representante docente pesquisador, integrante de grupo de pesquisa, registrado no CNPq e certificado pela institui\u00e7\u00e3o:&nbsp;<\/strong><\/b>Ernani Machado de F. Lins Neto<\/p>\n<p><b><strong>4.Representante docente atuante em projetos de Extens\u00e3o:&nbsp;<\/strong><\/b>Claudine Gon\u00e7alves de Oliveira<\/p>\n<p><b><strong>5.Representante dos discentes, eleito por seus pares:<\/strong><\/b>&nbsp;Breno Silva da Paix\u00e3o<\/p>\n<p><b><strong>6.Representante da comunidade externa, indicado pelo Colegiado, com atua\u00e7\u00e3o na \u00e1rea espec\u00edfica ou afim do respectivo<\/strong><\/b>&nbsp;<strong>curso:&nbsp;<\/strong><em>Aguardando Indica\u00e7\u00e3o<\/em><\/p>\n\n\n<\/div>\n\n\n\n<p><\/p>\n\n\n\n<span class=\"collapseomatic \" id=\"id69f10a1faee51\"  tabindex=\"0\" title=\"EDUCA\u00c7\u00c3O F\u00cdSICA\"    >EDUCA\u00c7\u00c3O F\u00cdSICA<\/span><div id=\"target-id69f10a1faee51\" class=\"collapseomatic_content \">\n\n\n<p><b><strong>1.Presidente:<\/strong><\/b>&nbsp;Luiz Alcides Ramires Maduro<\/p>\n<p><b><strong>2.Vice-Presidente<\/strong><\/b>: Jos\u00e9 Fernando Vila Nova de Moraes<\/p>\n<p><b><strong>3.Representante docente pesquisador, integrante de grupo de pesquisa, registrado no CNPq e certificado pela institui\u00e7\u00e3o:&nbsp;<\/strong><\/b>Jos\u00e9 Roberto Andrade do Nascimento Junior<\/p>\n<p><b><strong>4.Representante docente atuante em projetos de Extens\u00e3o:<\/strong><\/b>Bruno Ot\u00e1vio de Lacerda Abrah\u00e3o<\/p>\n<p><b><strong>5.Representante dos discentes, eleito por seus pares:&nbsp;<\/strong><\/b>Leonardo Marcel Santos Moreira<\/p>\n<p><b><strong>6.Representante da comunidade externa, indicado pelo Colegiado, com atua\u00e7\u00e3o na \u00e1rea espec\u00edfica ou afim do respectivo curso:<\/strong><\/b>Leidjane Pereira Siqueira<\/p>\n\n\n<\/div>\n\n\n\n<p><\/p>\n\n\n\n<span class=\"collapseomatic \" id=\"id69f10a1faee58\"  tabindex=\"0\" title=\"ENFERMAGEM\"    >ENFERMAGEM<\/span><div id=\"target-id69f10a1faee58\" class=\"collapseomatic_content \">\n\n\n<p><b><strong>1.Presidente:<\/strong><\/b> Audimar de Souza Alves<\/p>\n<p><b><strong>2.Vice-Presidente: Rafaela Santos de Melo<\/strong><\/b><\/p>\n<p><b><strong>3.Representante docente pesquisador, integrante de grupo de pesquisa, registrado no CNPq e certificado pela institui\u00e7\u00e3o:<\/strong><\/b> Sued Sheila Sarmento<\/p>\n<p><b><strong>4.Representante docente atuante em projetos de Extens\u00e3o:<\/strong><\/b>&nbsp;S\u00f4nia Lorema Soeiro Argollo Fernandes<\/p>\n<p><b><strong>5.Representante dos discentes, eleito por seus pares:<\/strong><\/b> Cayque Zorato Santos Pinto<\/p>\n<p><b><strong>6.Representante da comunidade externa, indicado pelo Colegiado, com atua\u00e7\u00e3o na \u00e1rea espec\u00edfica ou afim do respectivo curso:<\/strong><\/b> L\u00facia Marilia Ara\u00fajo de Poss\u00eddio<\/p>\n\n\n<\/div>\n\n\n\n<p><\/p>\n\n\n\n<span class=\"collapseomatic \" id=\"id69f10a1faee5f\"  tabindex=\"0\" title=\"ENGENHARIA AGR\u00cdCOLA E AMBIENTAL\"    >ENGENHARIA AGR\u00cdCOLA E AMBIENTAL<\/span><div id=\"target-id69f10a1faee5f\" class=\"collapseomatic_content \">\n\n\n<p><b><strong>1.Presidente:<\/strong><\/b>&nbsp;Adriana Moreno Costa Silva<\/p>\n<p><b><strong>2.Vice-Presidente:&nbsp;<\/strong><\/b>Ant\u00f4nio Pereira Filho<\/p>\n<p><b><strong>3.Representante docente pesquisador, integrante de grupo de pesquisa, registrado no CNPq e certificado pela institui\u00e7\u00e3o:&nbsp;<\/strong><\/b>Marlon da Silva Garrido<\/p>\n<p><b><strong>4.Representante docente atuante em projetos de Extens\u00e3o:&nbsp;<\/strong><\/b>Carmem Sueze da Silva Miranda<\/p>\n<p><b><strong>5.Representante dos discentes, eleito por seus pares:<\/strong><\/b>&nbsp;Francisco Max Fernandes do Nascimento<\/p>\n<p><b><strong>6.Representante da comunidade externa, indicado pelo Colegiado, com atua\u00e7\u00e3o na \u00e1rea espec\u00edfica ou afim do respectivo curso:&nbsp;<\/strong><\/b><em>Aguardando Indica\u00e7\u00e3o<\/em><\/p>\n\n\n<\/div>\n\n\n\n<p><\/p>\n\n\n\n<span class=\"collapseomatic \" id=\"id69f10a1faee65\"  tabindex=\"0\" title=\"ENGENHARIA AGRON\u00d4MICA\"    >ENGENHARIA AGRON\u00d4MICA<\/span><div id=\"target-id69f10a1faee65\" class=\"collapseomatic_content \">\n\n\n<p><b><strong>1.Presidente:<\/strong><\/b>&nbsp;Marcos Sales Rodrigues<\/p>\n<p><b><strong>2.Vice-Presidente:<\/strong><\/b>&nbsp;Cristiane Xavier Galhardo<\/p>\n<p><b><strong>3.Representante docente pesquisador, integrante de grupo de pesquisa, registrado no CNPq e certificado pela institui\u00e7\u00e3o:&nbsp;<\/strong><\/b>\u00cdtalo Herbert Lucena Cavalcante<\/p>\n<p><b><strong>4.Representante docente atuante em projetos de Extens\u00e3o:&nbsp;<\/strong><\/b>El\u00edsia Carmem G. Bastos<\/p>\n<p><b><strong>5.Representante dos discentes, eleito por seus pares:&nbsp;<\/strong><\/b>Daniel Amorim Vieira<\/p>\n<p><b><strong>6.Representante da comunidade externa, indicado pelo Colegiado, com atua\u00e7\u00e3o na \u00e1rea espec\u00edfica ou afim do respectivo curso:&nbsp;<\/strong><\/b>Urbano Lins<\/p>\n\n\n<\/div>\n\n\n\n<p><\/p>\n\n\n\n<span class=\"collapseomatic \" id=\"id69f10a1faee6c\"  tabindex=\"0\" title=\"ENGENHARIA CIVIL\"    >ENGENHARIA CIVIL<\/span><div id=\"target-id69f10a1faee6c\" class=\"collapseomatic_content \">\n\n\n<p><b><strong>1.Presidente:&nbsp;<\/strong><\/b>Paulo Cesar Rodrigues de Lima Junior<\/p>\n<p><b><strong>2.Vice-Presidente:&nbsp;<\/strong><\/b>S\u00e9rgio Luis de Oliveira<\/p>\n<p><b><strong>3.Representante docente pesquisador, integrante de grupo de pesquisa, registrado no CNPq e certificado pela institui\u00e7\u00e3o:<\/strong><\/b>&nbsp;Aline Fl\u00e1via Nunes Rem\u00edgio<\/p>\n<p><b><strong>4.Representante docente atuante em projetos de Extens\u00e3o:<\/strong><\/b>&nbsp;Petrucio Antunes Martins<\/p>\n<p><b><strong>5.Representante dos discentes, eleito por seus pares:<\/strong><\/b>&nbsp;Elisa Alves Sarmento<\/p>\n<p><b><strong>6.Representante da comunidade externa, indicado pelo Colegiado, com atua\u00e7\u00e3o na \u00e1rea espec\u00edfica ou afim do respectivo curso:<\/strong><\/b>&nbsp;Armando Ven\u00e2ncio<\/p>\n\n\n<p style=\"text-align:left\"><\/div>\n\n\n\n<p><\/p>\n\n\n\n<span class=\"collapseomatic \" id=\"id69f10a1faee72\"  tabindex=\"0\" title=\"ENGENHARIA DA COMPUTA\u00c7\u00c3O\"    >ENGENHARIA DA COMPUTA\u00c7\u00c3O<\/span><div id=\"target-id69f10a1faee72\" class=\"collapseomatic_content \">\n\n\n<p><b><strong>1.Presidente:&nbsp;<\/strong><\/b>Marcus Midena Ramos<\/p>\n<p><b><strong>2.Vice-Presidente:<\/strong><\/b>&nbsp;Jorge Lu\u00eds Cavalcanti Ramos<\/p>\n<p><b><strong>3.Representante docente pesquisador, integrante de grupo de pesquisa, registrado no CNPq e certificado pela institui\u00e7\u00e3o:<\/strong><\/b>&nbsp;Brauliro&nbsp;Gon\u00e7alves Leal<\/p>\n<p><b><strong>4.Representante docente atuante em projetos de Extens\u00e3o:<\/strong><\/b>&nbsp;Marcelo Santos Linder<\/p>\n<p><b><strong>5.Representante dos discentes, eleito por seus pares:<\/strong><\/b>&nbsp;Larissa Rocha<\/p>\n<p><b><strong>6.Representante da comunidade externa, indicado pelo Colegiado, com atua\u00e7\u00e3o na \u00e1rea espec\u00edfica ou afim do respectivo curso:<\/strong><\/b>&nbsp;<em>Aguardando indica\u00e7\u00e3o<\/em><\/p>\n\n\n<p style=\"text-align:left\"><\/div>\n\n\n\n<p><\/p>\n\n\n\n<span class=\"collapseomatic \" id=\"id69f10a1faee79\"  tabindex=\"0\" title=\"ENGENHARIA DA PRODU\u00c7\u00c3O\"    >ENGENHARIA DA PRODU\u00c7\u00c3O<\/span><div id=\"target-id69f10a1faee79\" class=\"collapseomatic_content \">\n\n\n<p><b><strong>1.Presidente:&nbsp;<\/strong><\/b>Alan Francisco Carvalho Pereira<\/p>\n<p><b><strong>2.Vice-Presidente:&nbsp;<\/strong><\/b>Ant\u00f4nio Pires Cris\u00f3stomo<\/p>\n<p><b><strong>3.Representante docente pesquisador, integrante de grupo de pesquisa, registrado no CNPq e certificado pela institui\u00e7\u00e3o:<\/strong><\/b>&nbsp;Jos\u00e9 Luiz Moreira de Carvalho<\/p>\n<p><b><strong>4.Representante docente atuante em projetos de Extens\u00e3o:<\/strong><\/b>&nbsp;Gunther Josu\u00e9 Costa<\/p>\n<p><b><strong>5.Representante dos discentes, eleito por seus pares:&nbsp;<\/strong><\/b>Juliana Fernandes Xavier da Silva<\/p>\n<p><b><strong>6.Representante suplente dos discentes, eleito por seus pares:&nbsp;<\/strong><\/b>Carlos Ramon Nunes da Silva<\/p>\n<p><b><strong>7.Representante da comunidade externa, indicado pelo Colegiado, com atua\u00e7\u00e3o na \u00e1rea espec\u00edfica ou afim do respectivo curso:<\/strong><\/b>&nbsp;Amanda G\u00f3es Matos Rodrigues<\/p>\n\n\n<p style=\"text-align:left\"><\/div>\n\n\n\n<p><\/p>\n\n\n\n<span class=\"collapseomatic \" id=\"id69f10a1faee80\"  tabindex=\"0\" title=\"ENGENHARIA EL\u00c9TRICA\"    >ENGENHARIA EL\u00c9TRICA<\/span><div id=\"target-id69f10a1faee80\" class=\"collapseomatic_content \">\n\n\n<p><b><strong>1.Presidente:&nbsp;<\/strong><\/b>Jos\u00e9 Am\u00e9rico de Souza Moura<\/p>\n<p><b><strong>2.Vice-Presidente:<\/strong><\/b>&nbsp;Manoel de Oliveira Santos Sobrinho<\/p>\n<p><b><strong>3.Representante docente pesquisador, integrante de grupo de pesquisa, registrado no CNPq e certificado pela institui\u00e7\u00e3o:<\/strong><\/b>Aguardando indica\u00e7\u00e3o<\/p>\n<p><b><strong>4.Representante docente atuante em projetos de Extens\u00e3o:<\/strong><\/b>&nbsp;Aguardando indica\u00e7\u00e3o<\/p>\n<p><b><strong>5.Representante dos discentes, eleito por seus pares:<\/strong><\/b>&nbsp;Aguardando indica\u00e7\u00e3o<\/p>\n<p><b><strong>6.Representante da comunidade externa, indicado pelo Colegiado, com atua\u00e7\u00e3o na \u00e1rea espec\u00edfica ou afim do respectivo curso:<\/strong><\/b>&nbsp;Aguardando indica\u00e7\u00e3o<\/p>\n\n\n<p style=\"text-align:left\"><\/div>\n\n\n\n<p><\/p>\n\n\n\n<span class=\"collapseomatic \" id=\"id69f10a1faee86\"  tabindex=\"0\" title=\"ENGENHARIA MEC\u00c2NICA\"    >ENGENHARIA MEC\u00c2NICA<\/span><div id=\"target-id69f10a1faee86\" class=\"collapseomatic_content \">\n\n\n<p><b><strong>1.Presidente:&nbsp;<\/strong><\/b>Alan Christie da Silva Danta<\/p>\n<p><b><strong>2.Vice-Presidente:&nbsp;<\/strong><\/b>Edna Santiago Benta<\/p>\n<p><b><strong>3.Representante docente pesquisador, integrante de grupo de pesquisa, registrado no CNPq e certificado pela institui\u00e7\u00e3o:<\/strong><\/b>&nbsp;Nelson C\u00e1rdenas Olivier<\/p>\n<p><b><strong>4.Representante docente atuante em projetos de Extens\u00e3o:<\/strong><\/b>&nbsp;Luiz Mariano Pereira<\/p>\n<p><b><strong>5.Representante dos discentes, eleito por seus pares:<\/strong><\/b>&nbsp;Mony \u00c9rika Pereira Mendes<\/p>\n<p><b><strong>6.Representante da comunidade externa, indicado pelo Colegiado, com atua\u00e7\u00e3o na \u00e1rea espec\u00edfica ou afim do respectivo curso:&nbsp;<\/strong><\/b><em>Aguardando Indica\u00e7\u00e3o<\/em><\/p>\n<h3>&nbsp;<\/h3>\n<p><\/p>\n<h3>&nbsp;<\/h3>\n<p><\/p>\n<p><\/p>\n\n\n<p style=\"text-align:left\"><\/div>\n\n\n\n<p><\/p>\n\n\n\n<span class=\"collapseomatic \" id=\"id69f10a1faee8d\"  tabindex=\"0\" title=\"GEOGRAFIA\"    >GEOGRAFIA<\/span><div id=\"target-id69f10a1faee8d\" class=\"collapseomatic_content \">\n\n\n<p><b><strong>1.Presidente:<\/strong><\/b>&nbsp;Gustavo Hees de Negreiros<\/p>\n<p><b><strong>2.Vice-Presidente:&nbsp;<\/strong><\/b>Nat\u00e1lia Micheli Tavares do Nascimento Silva Mendes<\/p>\n<p><b><strong>3.Representante docente pesquisador, integrante de grupo de pesquisa, registrado no CNPq e certificado pela institui\u00e7\u00e3o:&nbsp;<\/strong><\/b>Pedro Ricardo da Cunha Nobrega<\/p>\n<p><b><strong>4.Representante docente atuante em projetos de Extens\u00e3o:&nbsp;<\/strong><\/b>Atila de Menezes Lima<\/p>\n<p><b><strong>5.Representante dos discentes, eleito por seus pares:<\/strong><\/b>&nbsp;Daniel de Souza Campos<\/p>\n<p><b><strong>6.Representante da comunidade externa, indicado pelo Colegiado, com atua\u00e7\u00e3o na \u00e1rea espec\u00edfica ou afim do respectivo<\/strong><\/b>&nbsp;<strong>curso:&nbsp;<\/strong>Vandemberg Salvador de Oliveira<\/p>\n\n\n<p style=\"text-align:left\"><\/div>\n\n\n\n<p><\/p>\n\n\n\n<span class=\"collapseomatic \" id=\"id69f10a1faee93\"  tabindex=\"0\" title=\"MEDICINA\"    >MEDICINA<\/span><div id=\"target-id69f10a1faee93\" class=\"collapseomatic_content \">\n\n\n<p><b><strong>1.Presidente:&nbsp;<\/strong><\/b>Jandir Mendon\u00e7a Nic\u00e1cio<\/p>\n<p><b><strong>2.Vice-Presidente:&nbsp;<\/strong><\/b>Renata Teixeira Coelho de Andrade Ara\u00fajo<\/p>\n<p><b><strong>3.Representante docente pesquisador, integrante de grupo de pesquisa, registrado no CNPq e certificado pela institui\u00e7\u00e3o:<\/strong><\/b>&nbsp;Maria Luciana Lira de Andrade Lopes<\/p>\n<p><b><strong>4.Representante docente atuante em projetos de Extens\u00e3o:<\/strong><\/b>&nbsp;Arist\u00f3teles Homero dos Santos Cardona J\u00fanior<\/p>\n<p><b><strong>5.Representante dos discentes, eleito por seus pares:<\/strong><\/b>&nbsp;Guido Dias Machado<\/p>\n<p><b><strong>6.Representante da comunidade externa, indicado pelo Colegiado, com atua\u00e7\u00e3o na \u00e1rea espec\u00edfica ou afim do respectivo curso:<\/strong><\/b>&nbsp;Fernanda Patr\u00edcia Soares Sampaio Novaes<\/p>\n\n\n<p style=\"text-align:left\"><\/div>\n\n\n\n<p><\/p>\n\n\n\n<span class=\"collapseomatic \" id=\"id69f10a1faee9a\"  tabindex=\"0\" title=\"MEDICINA (Paulo Afonso)\"    >MEDICINA (Paulo Afonso)<\/span><div id=\"target-id69f10a1faee9a\" class=\"collapseomatic_content \">\n\n\n<p><b><strong>1.Presidente:&nbsp;<\/strong><\/b>Marina Ferraz Cordeiro<\/p>\n<p><b><strong>2.Vice-Presidente:&nbsp;<\/strong><\/b>Franklin Passos de Ara\u00fajo J\u00fanior<\/p>\n<p><b><strong>3.Representante docente pesquisador, integrante de grupo de pesquisa, registrado no CNPq e certificado pela institui\u00e7\u00e3o:<\/strong><\/b>&nbsp;Melquisedec Abiar\u00e9 Dantas de Santana<\/p>\n<p><b><strong>4.Representante docente atuante em projetos de Extens\u00e3o:<\/strong><\/b>&nbsp;Roberta Stofeles Cecon<\/p>\n<p><b><strong>5.Representante dos discentes, eleito por seus pares:&nbsp;<\/strong><\/b>Tafna Moreira Ferreira Gomes<\/p>\n<p><b><strong>6.Representante da comunidade externa, indicado pelo Colegiado, com atua\u00e7\u00e3o na \u00e1rea espec\u00edfica ou afim do respectivo curso:<\/strong><\/b>&nbsp;Karina Concei\u00e7\u00e3o Sales Alves<\/p>\n\n\n<p style=\"text-align:left\"><\/div>\n\n\n\n<p><\/p>\n\n\n\n<span class=\"collapseomatic \" id=\"id69f10a1faeea0\"  tabindex=\"0\" title=\"MEDICINA VETERIN\u00c1RIA\"    >MEDICINA VETERIN\u00c1RIA<\/span><div id=\"target-id69f10a1faeea0\" class=\"collapseomatic_content \">\n\n\n<p><b><strong>1.Presidente:&nbsp;<\/strong><\/b>Ren\u00e9 Geraldo Cordeiro Silva Junior<\/p>\n<p><b><strong>2.Vice-Presidente:<\/strong><\/b>Seldon Almeida de Souza<\/p>\n<p><b><strong>3.Representante docente pesquisador, integrante de grupo de pesquisa, registrado no CNPq e certificado pela institui\u00e7\u00e3o:<\/strong><\/b>&nbsp;M\u00e1rcia Bento Moreira<\/p>\n<p><b><strong>4.Representante docente atuante em projetos de Extens\u00e3o:<\/strong><\/b>&nbsp;Flaviane Maria Flor\u00eancio<\/p>\n<p><b><strong>5.Representante dos discentes, eleito por seus pares:<\/strong><\/b>&nbsp;Andr\u00e9 Ara\u00fajo Moraes<\/p>\n<p><b><strong>6.Representante da comunidade externa, indicado pelo Colegiado, com atua\u00e7\u00e3o na \u00e1rea espec\u00edfica ou afim do respectivo curso:<\/strong><\/b>&nbsp;Maria do Carmo Freitas de S\u00e1<\/p>\n\n\n<\/div>\n\n\n\n<p><\/p>\n\n\n\n<span class=\"collapseomatic \" id=\"id69f10a1faeea7\"  tabindex=\"0\" title=\"PSICOLOGIA\"    >PSICOLOGIA<\/span><div id=\"target-id69f10a1faeea7\" class=\"collapseomatic_content \">\n\n\n<p><b><strong>1.Presidente:&nbsp;<\/strong><\/b>Marcela Fulanete Corr\u00eaa<\/p>\n<p><b><strong>2.Vice-Presidente:&nbsp;<\/strong><\/b>Alexandre Franca Barreto<\/p>\n<p><b><strong>3.Representante docente pesquisador, integrante de grupo de pesquisa, registrado no CNPq e certificado pela institui\u00e7\u00e3o:&nbsp;<\/strong><\/b>Carla Fernanda Ferreira Rodrigues<\/p>\n<p><b><strong>4.Representante docente atuante em projetos de Extens\u00e3o:<\/strong><\/b>&nbsp;Samella dos Santos Vieira<\/p>\n<p><b><strong>5.Representante dos discentes, eleito por seus pares:<\/strong><\/b>&nbsp;Rosin\u00e9ia Rocha<\/p>\n<p><b><strong>6.Representante da comunidade externa, indicado pelo Colegiado, com atua\u00e7\u00e3o na \u00e1rea espec\u00edfica ou afim do respectivo curso:<\/strong><\/b>&nbsp;Vanessa Novaes<\/p>\n\n\n<\/div>\n\n\n\n<p><\/p>\n\n\n\n<span class=\"collapseomatic \" id=\"id69f10a1faeead\"  tabindex=\"0\" title=\"QU\u00cdMICA\"    >QU\u00cdMICA<\/span><div id=\"target-id69f10a1faeead\" class=\"collapseomatic_content \">\n\n\n<p><b><strong>1.Presidente:&nbsp;<\/strong><\/b>Thiago Pereira da Silva<\/p>\n<p><b><strong>2.Vice-Presidente:&nbsp;<\/strong><\/b>Fernando Cruvinel Damasceno<\/p>\n<p><b><strong>3.Representante docente pesquisador, integrante de grupo de pesquisa, registrado no CNPq e certificado pela institui\u00e7\u00e3o:&nbsp;<\/strong><\/b>Vanessa Nascimento dos Santos<\/p>\n<p><b><strong>4.Representante docente atuante em projetos de Extens\u00e3o:<\/strong><\/b>&nbsp;Fernando Cruvinel Dasmasceno<\/p>\n<p><b><strong>5.Representante dos discentes, eleito por seus pares:<\/strong><\/b>&nbsp;Anderson da Silva Pereira<\/p>\n<p><b><strong>6.Representante da comunidade externa, indicado pelo Colegiado, com atua\u00e7\u00e3o na \u00e1rea espec\u00edfica ou afim do respectivo curso:&nbsp;<\/strong><\/b>&nbsp;<em>Aguardando Indica\u00e7\u00e3o<\/em><\/p>\n\n\n<\/div>\n\n\n\n<p><\/p>\n\n\n\n<span class=\"collapseomatic \" id=\"id69f10a1faeeb4\"  tabindex=\"0\" title=\"ZOOTECNIA\"    >ZOOTECNIA<\/span><div id=\"target-id69f10a1faeeb4\" class=\"collapseomatic_content \">\n\n\n<p><b><strong>1.Presidente:&nbsp;<\/strong><\/b>F\u00c1BIO NUNES LISTA<\/p>\n<p><b><strong>2.Vice-Presidente:&nbsp;<\/strong><\/b>FERNANDA MELO PEREIRA TARAN<\/p>\n<p><b><strong>3.Representante docente pesquisador, integrante de grupo de pesquisa, registrado no CNPq e certificado pela institui\u00e7\u00e3o:&nbsp;<\/strong><\/b>Jo\u00e3o Virg\u00ednio Emerenciano Neto<\/p>\n<p><b><strong>4.Representante docente atuante em projetos de Extens\u00e3o:<\/strong><\/b>&nbsp; Hugo Colombarolli Bonf\u00e1<\/p>\n<p><b><strong>5.Representante dos discentes, eleito por seus pares:&nbsp;<\/strong><\/b>Josiel Carvalho de Brito<\/p>\n<p><b><strong>6.Representante da comunidade externa, indicado pelo Colegiado, com atua\u00e7\u00e3o na \u00e1rea espec\u00edfica ou afim do respectivo curso:&nbsp;<\/strong><\/b>Tadeu Vinhas Voltolini<\/p>\n\n\n<\/div>\n\n\n\n<p><\/p>\n","protected":false},"excerpt":{"rendered":"","protected":false},"author":1,"featured_media":0,"parent":0,"menu_order":0,"comment_status":"closed","ping_status":"closed","template":"","meta":{"_exactmetrics_skip_tracking":false,"_exactmetrics_sitenote_active":false,"_exactmetrics_sitenote_note":"","_exactmetrics_sitenote_category":0,"footnotes":""},"class_list":["post-1074","page","type-page","status-publish","hentry"],"_links":{"self":[{"href":"https:\/\/cpa.univasf.edu.br\/index.php?rest_route=\/wp\/v2\/pages\/1074","targetHints":{"allow":["GET"]}}],"collection":[{"href":"https:\/\/cpa.univasf.edu.br\/index.php?rest_route=\/wp\/v2\/pages"}],"about":[{"href":"https:\/\/cpa.univasf.edu.br\/index.php?rest_route=\/wp\/v2\/types\/page"}],"author":[{"embeddable":true,"href":"https:\/\/cpa.univasf.edu.br\/index.php?rest_route=\/wp\/v2\/users\/1"}],"replies":[{"embeddable":true,"href":"https:\/\/cpa.univasf.edu.br\/index.php?rest_route=%2Fwp%2Fv2%2Fcomments&post=1074"}],"version-history":[{"count":26,"href":"https:\/\/cpa.univasf.edu.br\/index.php?rest_route=\/wp\/v2\/pages\/1074\/revisions"}],"predecessor-version":[{"id":1292,"href":"https:\/\/cpa.univasf.edu.br\/index.php?rest_route=\/wp\/v2\/pages\/1074\/revisions\/1292"}],"wp:attachment":[{"href":"https:\/\/cpa.univasf.edu.br\/index.php?rest_route=%2Fwp%2Fv2%2Fmedia&parent=1074"}],"curies":[{"name":"wp","href":"https:\/\/api.w.org\/{rel}","templated":true}]}}