{"id":20,"date":"2016-09-21T15:44:14","date_gmt":"2016-09-21T18:44:14","guid":{"rendered":"http:\/\/www.cpa.univasf.edu.br\/?page_id=20"},"modified":"2022-08-04T12:01:56","modified_gmt":"2022-08-04T15:01:56","slug":"atividades","status":"publish","type":"page","link":"https:\/\/cpa.univasf.edu.br\/?page_id=20","title":{"rendered":"Atividades"},"content":{"rendered":"<h2 id=\"tablepress-7-name\" class=\"tablepress-table-name tablepress-table-name-id-7\">Atividades CPA - Setembro\/2025<\/h2>\n\n<table id=\"tablepress-7\" class=\"tablepress tablepress-id-7\" aria-labelledby=\"tablepress-7-name\">\n<thead>\n<tr class=\"row-1\">\n\t<th class=\"column-1\">Atividade<\/th><th class=\"column-2\">Data - Hora<\/th><th class=\"column-3\">Local<\/th>\n<\/tr>\n<\/thead>\n<tbody class=\"row-striping row-hover\">\n<tr class=\"row-2\">\n\t<td class=\"column-1\">Reuni\u00e3o com estagi\u00e1rio<\/td><td class=\"column-2\">A definir<\/td><td class=\"column-3\">Sala da CPA<\/td>\n<\/tr>\n<tr class=\"row-3\">\n\t<td class=\"column-1\">Corre\u00e7\u00e3o Relat\u00f3rio Semestral<\/td><td class=\"column-2\">-<\/td><td class=\"column-3\">Sala da CPA<\/td>\n<\/tr>\n<tr class=\"row-4\">\n\t<td class=\"column-1\">Atualiza\u00e7\u00e3o do Site<\/td><td class=\"column-2\">-<\/td><td class=\"column-3\">Sala da CPA<\/td>\n<\/tr>\n<tr class=\"row-5\">\n\t<td class=\"column-1\">Reuni\u00e3o Geral CPA <\/td><td class=\"column-2\">A definir<\/td><td class=\"column-3\">Sala Virtual<\/td>\n<\/tr>\n<\/tbody>\n<tfoot>\n<tr class=\"row-6\">\n\t<th colspan=\"3\" class=\"column-1\">Atualizado pela \u00faltima vez em: 29\/09\/2025.<\/th>\n<\/tr>\n<\/tfoot>\n<\/table>\n<!-- #tablepress-7 from cache -->\n<p><b><strong>Dimens\u00f5es\u00a0Avaliadas pela CPA\/Univasf<\/strong><\/b><\/p>\n<p><b><strong>DIMENS\u00c3O 1:<\/strong><\/b>\u00a0A MISS\u00c3O E O PLANO DE DESENVOLVIMENTO INSTITUCIONAL.<\/p>\n<p><em>Objetivo:<\/em>\u00a0Analisar se as metas do PDI e PPI foram desenvolvidas em coer\u00eancia com as finalidades, objetivos, miss\u00e3o e inser\u00e7\u00e3o regional e\/ou nacional da Univasf.<\/p>\n<p><em>Metodologia:\u00a0<\/em>Para a produ\u00e7\u00e3o e an\u00e1lise das informa\u00e7\u00f5es relativas \u00e0 dimens\u00e3o em estudo, s\u00e3o solicitadas informa\u00e7\u00f5es aos setores respons\u00e1veis pelas \u00e1reas envolvidas, principalmente Pr\u00f3-Reitoria de Planejamento e Administra\u00e7\u00e3o e Pr\u00f3-Reitoria de Ensino, bem como realizada an\u00e1lise dos documentos oficiais da Universidade.<\/p>\n<hr \/>\n<p><b><strong>DIMENS\u00c3O 2:\u00a0<\/strong><\/b>O ENSINO (GRADUA\u00c7\u00c3O E P\u00d3S-GRADUA\u00c7\u00c3O), A PESQUISA, A EXTENS\u00c3O E AS RESPECTIVAS NORMAS DE OPERACIONALIZA\u00c7\u00c3O, INCLU\u00cdDOS OS PROCEDIMENTOS PARA EST\u00cdMULO \u00c0 PRODU\u00c7\u00c3O ACAD\u00caMICA, PARA AS BOLSAS DE PESQUISA, DE MONITORIA E DEMAIS MODALIDADES.<\/p>\n<p><em>Objetivo:<\/em>\u00a0Analisar a adequa\u00e7\u00e3o das pol\u00edticas para o ensino, a pesquisa e a extens\u00e3o e as respectivas normas de operacionaliza\u00e7\u00e3o, inclu\u00eddos os procedimentos para est\u00edmulo \u00e0 produ\u00e7\u00e3o acad\u00eamica, para as bolsas de pesquisa, de monitoria e demais modalidades.<\/p>\n<p><em>Metodologia:<\/em>\u00a0Para produ\u00e7\u00e3o e an\u00e1lise das informa\u00e7\u00f5es relativas a esta dimens\u00e3o, s\u00e3o solicitadas informa\u00e7\u00f5es aos setores respons\u00e1veis pelas \u00e1reas envolvidas (Pr\u00f3-Reitoria de Pesquisa e P\u00f3s-Gradua\u00e7\u00e3o &#8211; PRPPG, Pr\u00f3-Reitoria de Integra\u00e7\u00e3o PROIN e Pr\u00f3-Reitoria de Ensino &#8211;\u00a0\u00a0PROEN), coordenadores de cursos\/n\u00facleos das \u00e1reas envolvidas, an\u00e1lise dos documentos oficiais da Institui\u00e7\u00e3o, assim como an\u00e1lise dos dados computados nos question\u00e1rios de Avalia\u00e7\u00e3o Interna.<\/p>\n<hr \/>\n<p><b><strong>DIMENS\u00c3O 3:<\/strong><\/b>\u00a0A RESPONSABILIDADE SOCIAL DA INSTITUI\u00c7\u00c3O, CONSIDERADA ESPECIALMENTE NO QUE SE REFERE \u00c0 SUA CONTRIBUI\u00c7\u00c3O EM RELA\u00c7\u00c3O \u00c0 INCLUS\u00c3O SOCIAL, AO DESENVOLVIMENTO ECON\u00d4MICO E SOCIAL, \u00c0 DEFESA DO MEIO AMBIENTE, DA MEM\u00d3RIA CULTURAL, DA PRODU\u00c7\u00c3O ART\u00cdSTICA E DO PATRIM\u00d4NIO CULTURAL.<\/p>\n<p><em>Objetivo:<\/em>\u00a0Analisar as a\u00e7\u00f5es da Univasf, no que diz respeito \u00e0 transfer\u00eancia de conhecimento t\u00e9cnico e cient\u00edfico \u00e0 comunidade, a natureza das rela\u00e7\u00f5es com os setores p\u00fablico e privado e mercado de trabalho, al\u00e9m da pr\u00e1tica de a\u00e7\u00f5es de inclus\u00e3o social e de preserva\u00e7\u00e3o do meio ambiente.<\/p>\n<p><em>Metodologia:<\/em>\u00a0Para a produ\u00e7\u00e3o e an\u00e1lise das informa\u00e7\u00f5es relativas \u00e0 dimens\u00e3o em estudo, s\u00e3o solicitadas informa\u00e7\u00f5es aos setores respons\u00e1veis pelas \u00e1reas envolvidas, principalmente Pr\u00f3-Reitoria de Integra\u00e7\u00e3o &#8211; PROIN. Tamb\u00e9m foi feita an\u00e1lise dos documentos oficiais da Universidade.<\/p>\n<hr \/>\n<p><b><strong>DIMENS\u00c3O 4:<\/strong><\/b>\u00a0A COMUNICA\u00c7\u00c3O COM A SOCIEDADE.<\/p>\n<p><em>Objetivo:\u00a0<\/em>Analisar estrat\u00e9gias, recursos e qualidade das formas de aproxima\u00e7\u00e3o efetiva entre a Univasf e a sociedade, bem como avaliar a sua imagem p\u00fablica nos meios de comunica\u00e7\u00e3o social.<\/p>\n<p><em>Metodologia:<\/em>\u00a0Para a produ\u00e7\u00e3o e an\u00e1lise das informa\u00e7\u00f5es relativas \u00e0 dimens\u00e3o em estudo, s\u00e3o solicitadas informa\u00e7\u00f5es aos setores respons\u00e1veis pelas \u00e1reas envolvidas (ouvidoria e assessoria de comunica\u00e7\u00e3o), bem como an\u00e1lise dos documentos oficiais e site da Universidade.<\/p>\n<hr \/>\n<p><b><strong>DIMENS\u00c3O 5:<\/strong><\/b>\u00a0AS POL\u00cdTICAS DE PESSOAL, DE CARREIRA DO CORPO DOCENTE E CORPO T\u00c9CNICO-ADMINISTRATIVO, SEU APERFEI\u00c7OAMENTO, DESENVOLVIMENTO PROFISSIONAL E SUAS CONDI\u00c7\u00d5ES DE TRABALHO.<\/p>\n<p><em>Objetivo:<\/em>\u00a0Analisar as pol\u00edticas relacionadas \u00e0 pessoal, carreiras do corpo docente e corpo t\u00e9cnico-administrativo, seu aperfei\u00e7oamento, desenvolvimento profissional, condi\u00e7\u00f5es de trabalho e implementa\u00e7\u00e3o das mesmas.<\/p>\n<p><em>Metodologia:<\/em>\u00a0Para a produ\u00e7\u00e3o e an\u00e1lise das informa\u00e7\u00f5es relativas \u00e0 dimens\u00e3o em estudo, s\u00e3o solicitadas informa\u00e7\u00f5es aos setores respons\u00e1veis pelas \u00e1reas envolvidas, principalmente a Secretaria de Gest\u00e3o de Pessoas &#8211; SGP. Tamb\u00e9m \u00e9 realizada an\u00e1lise dos documentos oficiais da Universidade e an\u00e1lise das respostas dos question\u00e1rios da Autoavalia\u00e7\u00e3o Institucional, referente ao corpo t\u00e9cnico-administrativo e docente.<\/p>\n<hr \/>\n<p><b><strong>DIMENS\u00c3O 6:\u00a0<\/strong><\/b>ORGANIZA\u00c7\u00c3O E GEST\u00c3O DA INSTITUI\u00c7\u00c3O ESPECIALMENTE O FUNCIONAMENTO E REPRESENTATIVIDADE DOS COLEGIADOS, SUA INDEPEND\u00caNCIA E AUTONOMIA NA RELA\u00c7\u00c3O COM A MANTENEDORA, E A PARTICIPA\u00c7\u00c3O DOS SEGMENTOS DA COMUNIDADE UNIVERSIT\u00c1RIA NOS PROCESSOS DECIS\u00d3RIOS.<\/p>\n<p><em>Objetivo:<\/em>\u00a0Analisar a adequa\u00e7\u00e3o da gest\u00e3o ao cumprimento dos objetivos e projetos institucionais e coer\u00eancia com a estrutura organizacional oficial e real e verificar o funcionamento, a composi\u00e7\u00e3o e a atribui\u00e7\u00e3o dos \u00f3rg\u00e3os colegiados.<\/p>\n<p><em>Metodologia:<\/em>\u00a0Para a produ\u00e7\u00e3o e an\u00e1lise das informa\u00e7\u00f5es relativas \u00e0 dimens\u00e3o em estudo, s\u00e3o realizadas an\u00e1lise dos documentos oficiais da Universidade e das respostas dos question\u00e1rios de Autoavalia\u00e7\u00e3o Institucional, referentes aos docentes e Coordenadores de Cursos.<\/p>\n<hr \/>\n<p><b><strong>DIMENS\u00c3O 7:<\/strong><\/b>\u00a0INFRAESTRUTURA F\u00cdSICA, ESPECIALMENTE A DE ENSINO E DE PESQUISA, BIBLIOTECA, RECURSOS DE INFORMA\u00c7\u00c3O E DE COMUNICA\u00c7\u00c3O.<\/p>\n<p><em>Objetivo:<\/em>\u00a0Analisar as pol\u00edticas relacionadas \u00e0 infraestrutura, recursos de informa\u00e7\u00e3o e comunica\u00e7\u00e3o.<\/p>\n<p><em>Metodologia:<\/em>\u00a0Para produ\u00e7\u00e3o e an\u00e1lise das informa\u00e7\u00f5es relativas \u00e0 dimens\u00e3o em estudo, s\u00e3o realizadas visitas\u00a0<em>in loco<\/em>\u00a0a todos os campi da Univasf, solicitadas informa\u00e7\u00f5es aos setores envolvidos al\u00e9m da an\u00e1lise dos documentos oficiais da Universidade e das respostas dos question\u00e1rios de Autoavalia\u00e7\u00e3o Institucional.<\/p>\n<hr \/>\n<p><b><strong>DIMENS\u00c3O 8:<\/strong><\/b>\u00a0PLANEJAMENTO E AVALIA\u00c7\u00c3O, ESPECIALMENTE\u00a0EM RELA\u00c7\u00c3O AOS PROCESSOS, RESULTADOS E EFIC\u00c1CIA DA AUTOAVALIA\u00c7\u00c3O INSTITUCIONAL.<\/p>\n<p><em>Objetivo:\u00a0<\/em>Analisar o planejamento e a avalia\u00e7\u00e3o dos processos, resultados e efic\u00e1cia da autoavalia\u00e7\u00e3o institucional. Esta dimens\u00e3o est\u00e1 na conflu\u00eancia\u00a0\u00a0da avalia\u00e7\u00e3o como processo que leva em conta as informa\u00e7\u00f5es do passado e est\u00e1 centrado no presente e\u00a0\u00a0no futuro institucional, a partir do balan\u00e7o de fragilidades, potencialidades e voca\u00e7\u00e3o institucionais.<\/p>\n<p><em>Metodologia:\u00a0<\/em>Para a produ\u00e7\u00e3o e an\u00e1lise das informa\u00e7\u00f5es relativas \u00e0 dimens\u00e3o em estudo, s\u00e3o apresentados os relat\u00f3rios finais anualmente, realizados estudos dos documentos oficiais da Universidade, al\u00e9m de registradas as a\u00e7\u00f5es tomadas a partir da an\u00e1lise dos resultados dos relat\u00f3rios de autoavalia\u00e7\u00e3o de anos anteriores.<\/p>\n<hr \/>\n<p><b><strong>DIMENS\u00c3O 9:\u00a0<\/strong><\/b>POL\u00cdTICAS DE ATENDIMENTO AOS ESTUDANTES.<\/p>\n<p><em>Objetivo:<\/em>\u00a0Analisar as atividades de atendimento aos estudantes e sua coer\u00eancia com as pol\u00edticas institucionais. Por meio destas a Univasf busca atender aos princ\u00edpios inerentes \u00e0 qualidade de vida estudantil.<\/p>\n<p><em>Metodologia:<\/em>\u00a0Para a produ\u00e7\u00e3o e an\u00e1lise das informa\u00e7\u00f5es relativas \u00e0 dimens\u00e3o em estudo, s\u00e3o solicitadas informa\u00e7\u00f5es a Secretaria de Assist\u00eancia Estudantil, an\u00e1lise dos documentos oficiais da Universidade, e consulta aos diferentes setores da Institui\u00e7\u00e3o envolvidos com o atendimento ao estudante.<\/p>\n<hr \/>\n<p><b><strong>DIMENS\u00c3O 10:<\/strong><\/b>\u00a0SUSTENTABILIDADE FINANCEIRA TENDO EM VISTA O SIGNIFICADO SOCIAL DA CONTINUIDADE DOS COMPROMISSOS NA OFERTA DA EDUCA\u00c7\u00c3O SUPERIOR.<\/p>\n<p><em>Objetivo:<\/em>\u00a0Analisar a adequa\u00e7\u00e3o da Sustentabilidade Financeira ao cumprimento dos objetivos, das metas, dos projetos institucionais e das prioridades estabelecidas. Avalia como a gest\u00e3o e administra\u00e7\u00e3o do or\u00e7amento e as pol\u00edticas e estrat\u00e9gias de gest\u00e3o acad\u00eamica com vistas \u00e0 efic\u00e1cia na utiliza\u00e7\u00e3o e na obten\u00e7\u00e3o dos recursos financeiros necess\u00e1rios ao cumprimento das metas e das <em>prioridades estabelecidas.<\/em><\/p>\n<p><em>Metodologia:<\/em>\u00a0Para a produ\u00e7\u00e3o e an\u00e1lise das informa\u00e7\u00f5es relativas \u00e0 dimens\u00e3o em estudo, s\u00e3o solicitadas informa\u00e7\u00f5es a Secretaria de Gest\u00e3o e Or\u00e7amento, bem como an\u00e1lise dos question\u00e1rios de avalia\u00e7\u00e3o institucional e dos documentos oficiais da Universidade.<\/p>\n<hr \/>\n","protected":false},"excerpt":{"rendered":"<p>Dimens\u00f5es\u00a0Avaliadas pela CPA\/Univasf DIMENS\u00c3O 1:\u00a0A MISS\u00c3O E O PLANO DE DESENVOLVIMENTO INSTITUCIONAL. Objetivo:\u00a0Analisar se as metas do PDI e PPI foram desenvolvidas em coer\u00eancia com as finalidades, objetivos, miss\u00e3o e inser\u00e7\u00e3o regional e\/ou nacional da Univasf. Metodologia:\u00a0Para a produ\u00e7\u00e3o e an\u00e1lise das informa\u00e7\u00f5es relativas \u00e0 dimens\u00e3o em estudo, s\u00e3o solicitadas informa\u00e7\u00f5es aos setores respons\u00e1veis pelas\u2026 <span class=\"read-more\"><a href=\"https:\/\/cpa.univasf.edu.br\/?page_id=20\">Read More &raquo;<\/a><\/span><\/p>\n","protected":false},"author":1,"featured_media":0,"parent":0,"menu_order":0,"comment_status":"closed","ping_status":"closed","template":"","meta":{"_exactmetrics_skip_tracking":false,"_exactmetrics_sitenote_active":false,"_exactmetrics_sitenote_note":"","_exactmetrics_sitenote_category":0,"footnotes":""},"class_list":["post-20","page","type-page","status-publish","hentry"],"_links":{"self":[{"href":"https:\/\/cpa.univasf.edu.br\/index.php?rest_route=\/wp\/v2\/pages\/20","targetHints":{"allow":["GET"]}}],"collection":[{"href":"https:\/\/cpa.univasf.edu.br\/index.php?rest_route=\/wp\/v2\/pages"}],"about":[{"href":"https:\/\/cpa.univasf.edu.br\/index.php?rest_route=\/wp\/v2\/types\/page"}],"author":[{"embeddable":true,"href":"https:\/\/cpa.univasf.edu.br\/index.php?rest_route=\/wp\/v2\/users\/1"}],"replies":[{"embeddable":true,"href":"https:\/\/cpa.univasf.edu.br\/index.php?rest_route=%2Fwp%2Fv2%2Fcomments&post=20"}],"version-history":[{"count":6,"href":"https:\/\/cpa.univasf.edu.br\/index.php?rest_route=\/wp\/v2\/pages\/20\/revisions"}],"predecessor-version":[{"id":1340,"href":"https:\/\/cpa.univasf.edu.br\/index.php?rest_route=\/wp\/v2\/pages\/20\/revisions\/1340"}],"wp:attachment":[{"href":"https:\/\/cpa.univasf.edu.br\/index.php?rest_route=%2Fwp%2Fv2%2Fmedia&parent=20"}],"curies":[{"name":"wp","href":"https:\/\/api.w.org\/{rel}","templated":true}]}}