{"id":28,"date":"2016-09-21T15:50:44","date_gmt":"2016-09-21T18:50:44","guid":{"rendered":"http:\/\/www.cpa.univasf.edu.br\/?page_id=28"},"modified":"2018-01-23T10:35:43","modified_gmt":"2018-01-23T13:35:43","slug":"perguntas-frequentes","status":"publish","type":"page","link":"https:\/\/cpa.univasf.edu.br\/?page_id=28","title":{"rendered":"Perguntas Frequentes"},"content":{"rendered":"<h2>O que \u00e9 a CPA?<\/h2>\n<p>Comiss\u00e3o Pr\u00f3pria de Avalia\u00e7\u00e3o.<\/p>\n<p>Foi criada para realizar o processo de autoavalia\u00e7\u00e3o da Univasf atrav\u00e9s da Resolu\u00e7\u00e3o 07\/2005,\u00a0aprovada em 08 de agosto de 2005, que estabelece o Regimento Interno da CPA\/Univasf, a qual realiza suas atividades em parceria com as Comiss\u00f5es de Avalia\u00e7\u00e3o nos Colegiados \u2013 CAC\u2019s.<\/p>\n<p><strong>Para que serve a CPA?<\/strong><\/p>\n<p>Avaliar os\u00a0tr\u00eas segmentos da Institui\u00e7\u00e3o (corpos discente, docente e t\u00e9cnico administrativo), al\u00e9m de averiguar as diferentes instala\u00e7\u00f5es f\u00edsicas e de recursos humanos e financeiros.<\/p>\n<p><strong>Quais as principais atividades da CPA?<\/strong><\/p>\n<p>Elaborar as diretrizes de autoavalia\u00e7\u00e3o; Realizar reuni\u00f5es de sensibiliza\u00e7\u00e3o; Elaborar question\u00e1rios; Analisar as informa\u00e7\u00f5es coletadas; Analisar e avaliar o cumprimento do Plano de Desenvolvimento Institucional \u2013 PDI; Prestar informa\u00e7\u00f5es solicitadas pelo INEP; Elaborar as normas de funcionamento e o regimento da CAC; Zelar pelo cumprimento do disposto na Resolu\u00e7\u00e3o 07\/2005 e na legisla\u00e7\u00e3o federal concernente \u00e0 avalia\u00e7\u00e3o do ensino superior; Publicar os resultados da Avalia\u00e7\u00e3o Institucional.<\/p>\n<p><strong>O que \u00e9 a CPAC?<\/strong><\/p>\n<p>Comiss\u00e3o de Avalia\u00e7\u00e3o no Colegiado.<\/p>\n<p>Foi criada nos termos do artigo 4 da Resolu\u00e7\u00e3o 07\/2005, a qual instituiu a CPA.<\/p>\n<p><b><strong>Quais as atribui\u00e7\u00f5es da CPAC?<\/strong><\/b><\/p>\n<p>Trata-se da comiss\u00e3o pr\u00f3pria de avalia\u00e7\u00e3o atuante no curso de gradua\u00e7\u00e3o ao qual o colegiado est\u00e1 vinculado. Tem a responsabilidade de realizar a autoavalia\u00e7\u00e3o do corpo discente e docente da gradua\u00e7\u00e3o, bem como elucidar sua produ\u00e7\u00e3o em pesquisa e extens\u00e3o, al\u00e9m da infraestrutura dispon\u00edvel para o curso de gradua\u00e7\u00e3o vinculado ao colegiado, como salas de aula, laborat\u00f3rios, biblioteca, cantina e \u00e1rea de lazer.<\/p>\n<p><strong>A CPA \u00e9 uma inven\u00e7\u00e3o da UNIVASF?<\/strong><\/p>\n<p>N\u00e3o! A CPA foi criada atrav\u00e9s da Lei 10.861 em 14 de abril de\u00a02004, a\u00a0qual institui o Sistema Nacional de Avalia\u00e7\u00e3o da Educa\u00e7\u00e3o Superior (Sinaes), nos termos do artigo 11 da Lei n\u00ba 10.861\/2004, segundo o qual cada institui\u00e7\u00e3o de ensino superior, p\u00fablica ou privada, constituir\u00e1 Comiss\u00e3o Pr\u00f3pria de Avalia\u00e7\u00e3o (CPA), com as atribui\u00e7\u00f5es de condu\u00e7\u00e3o dos processos de avalia\u00e7\u00e3o internos da institui\u00e7\u00e3o, de sistematiza\u00e7\u00e3o e de presta\u00e7\u00e3o das informa\u00e7\u00f5es solicitadas pelo Instituto Nacional de Estudos e Pesquisas Educacionais\u00a0(INEP), obedecidas as seguintes diretrizes:<\/p>\n<p><b><strong>I &#8211; constitui\u00e7\u00e3o por ato do dirigente m\u00e1ximo da institui\u00e7\u00e3o de ensino superior, ou por previs\u00e3o no seu pr\u00f3prio estatuto ou regimento, assegurada a participa\u00e7\u00e3o de todos os segmentos da comunidade universit\u00e1ria e da sociedade civil organizada, e vedada a composi\u00e7\u00e3o que privilegie a maioria absoluta de um dos segmentos;<\/strong><\/b><\/p>\n<p><b><strong>II &#8211; atua\u00e7\u00e3o aut\u00f4noma em rela\u00e7\u00e3o a conselhos e demais \u00f3rg\u00e3os colegiados existentes na institui\u00e7\u00e3o de educa\u00e7\u00e3o superior.\u00a0<\/strong><\/b><\/p>\n<p>&nbsp;<\/p>\n<p><b><strong>A CPA trabalha sozinha?<\/strong><\/b><\/p>\n<p>N\u00e3o! Embora haja sistematiza\u00e7\u00e3o para as a\u00e7\u00f5es estabelecidas em um cronograma, objetivos e plano de trabalho, \u00e9 importante a participa\u00e7\u00e3o e a opini\u00e3o de todos, para que se construa uma Cultura de Avalia\u00e7\u00e3o.<\/p>\n<p><strong>Qual import\u00e2ncia do trabalho da CPA?<\/strong><\/p>\n<p>Contribuir para o acompanhamento das atividades de gest\u00e3o, ensino, pesquisa e extens\u00e3o, garantindo espa\u00e7o \u00e0 cr\u00edtica, oferecendo subs\u00eddios para a tomada de decis\u00f5es, direcionamento das futuras a\u00e7\u00f5es, otimiza\u00e7\u00e3o e excel\u00eancia dos processos e resultados, al\u00e9m de incentivar a forma\u00e7\u00e3o de uma cultura avaliativa. Dessa forma, a\u00a0maior import\u00e2ncia est\u00e1 na possibilidade de todos constru\u00edrem juntos, uma educa\u00e7\u00e3o de excel\u00eancia em nossa institui\u00e7\u00e3o.<\/p>\n<p>Al\u00e9m disso, sem esse trabalho, os cursos n\u00e3o podem receber autoriza\u00e7\u00e3o, reconhecimento ou mesmo renova\u00e7\u00e3o de reconhecimento.<\/p>\n<p><strong>Quem comp\u00f5e a CPA?<\/strong><\/p>\n<blockquote><p>&#8211;\u00a0<b><strong>O presidente da Comiss\u00e3o Pr\u00f3pria de Avalia\u00e7\u00e3o \u00e9 indicado por ato direto do Reitor. O vice-presidente \u00e9 eleito entre os seus pares e os demais membros, s\u00e3o indicados pelas pr\u00f3-reitorias, ouvidas as Comiss\u00f5es de Avalia\u00e7\u00e3o dos Colegiados (CAC&#8217;s), devendo constar:<\/strong><\/b><\/p>\n<p><b><strong>&#8211; Representante do CORPO DISCENTE;<\/strong><\/b><\/p>\n<p><b><strong>&#8211; Representante da COMUNIDADE EXTERNA;<\/strong><\/b><\/p>\n<p><b><strong>&#8211; Representante da COMUINIDADE CIENT\u00cdFICA\/PESQUISA EXTERNA;<\/strong><\/b><\/p>\n<p><b><strong>&#8211; Representante docente para categoria ENSINO;<\/strong><\/b><\/p>\n<p><b><strong>&#8211; Representante docente para categoria MEMBRO INTEGRANTE DE GRUPO DE PESQUISA;<\/strong><\/b><\/p>\n<p><b><strong>&#8211; Representante docente para categoria MEMBRO INTEGRANTE DE PROJETO DE EXTENS\u00c3O;<\/strong><\/b><\/p>\n<p><b><strong>&#8211; Representante docente para categoria T\u00c9CNICO ADMINISTRATIVO.<\/strong><\/b><\/p><\/blockquote>\n<p><b><strong>Quem comp\u00f5e a CAC?<\/strong><\/b><\/p>\n<p>As Comiss\u00f5es de Avalia\u00e7\u00e3o dos Colegiados (CAC&#8217;s) s\u00e3o compostas pelos membros:<\/p>\n<blockquote><p><strong>&#8211; Presidente: Coordenador(a) do Colegiado;<\/strong><\/p>\n<p><strong>&#8211; Vice-Presidente: Sub-Coordenador(a) do Colegiado;<\/strong><\/p>\n<p><strong>&#8211; Representante Docente Pesquisador;<\/strong><\/p>\n<p><strong>&#8211; Representante Docente eleito entre os membros do Colegiado;<\/strong><\/p>\n<p><strong>&#8211; Representante Docente de projeto de extens\u00e3o;<\/strong><\/p>\n<p><strong>&#8211; Representante Discente;<\/strong><\/p>\n<p><strong>&#8211; Representante da Comunidade Externa;<\/strong><\/p>\n<p><strong>&#8211; Representante da Comunidade Cient\u00edfica\/Pesquisa Externa.<\/strong><\/p><\/blockquote>\n<p>&nbsp;<\/p>\n<p><b><strong>O que \u00e9 SINAES?<\/strong><\/b><\/p>\n<p>&nbsp;<\/p>\n<p>Sistema Nacional de Avalia\u00e7\u00e3o da Educa\u00e7\u00e3o Superior.<\/p>\n<p>&nbsp;<\/p>\n<p>Foi criado pela Lei 10.861, de 14 de abril de 2004 e tem por objetivo\u00a0avaliar as institui\u00e7\u00f5es, os cursos e o desempenho dos estudantes. O processo de avalia\u00e7\u00e3o leva em considera\u00e7\u00e3o aspectos como ensino, pesquisa, extens\u00e3o, responsabilidade social, gest\u00e3o da institui\u00e7\u00e3o e corpo docente. O Sinaes re\u00fane informa\u00e7\u00f5es do Exame Nacional de Desempenho de Estudantes (Enade) e das avalia\u00e7\u00f5es institucionais e dos cursos. As informa\u00e7\u00f5es obtidas s\u00e3o utilizadas para orienta\u00e7\u00e3o institucional de estabelecimentos de ensino superior e para embasar pol\u00edticas p\u00fablicas. Os dados tamb\u00e9m s\u00e3o \u00fateis para a sociedade, especialmente aos estudantes, como refer\u00eancia quanto \u00e0s condi\u00e7\u00f5es de cursos e institui\u00e7\u00f5es.<\/p>\n<p>&nbsp;<\/p>\n<p>Os processos avaliativos do Sinaes s\u00e3o coordenados e supervisio\u00adnados pela Comiss\u00e3o Nacional de Avalia\u00e7\u00e3o da Educa\u00e7\u00e3o Superior (Conaes). A operacionaliza\u00e7\u00e3o \u00e9 de responsabilidade do Instituto Nacional de Estudos e Pesquisas Educacionais An\u00edsio Teixeira (Inep).<\/p>\n<p>&nbsp;<\/p>\n<p>Fonte:\u00a0<a href=\"http:\/\/www.inep.gov.br\/superior\/sinaes\">www.inep.gov.br\/superior\/sinaes<\/a><\/p>\n<p>&nbsp;<\/p>\n<p><b><strong>O que \u00e9 o INEP?<\/strong><\/b><\/p>\n<p>&nbsp;<\/p>\n<p>Instituto Nacional de Estudos e Pesquisas Educacionais An\u00edsio Teixeira.<\/p>\n<p>&nbsp;<\/p>\n<p>\u00c9\u00a0uma autarquia federal vinculada ao Minist\u00e9rio da Educa\u00e7\u00e3o (MEC), cuja miss\u00e3o \u00e9 promover estudos, pesquisas e avalia\u00e7\u00f5es sobre o Sistema Educacional Brasileiro com o objetivo de subsidiar a formula\u00e7\u00e3o e implementa\u00e7\u00e3o de pol\u00edticas p\u00fablicas para a \u00e1rea educacional a partir de par\u00e2metros de qualidade e eq\u00fcidade, bem como produzir informa\u00e7\u00f5es claras e confi\u00e1veis aos gestores, pesquisadores, educadores e p\u00fablico em geral.<\/p>\n<p>Para gerar seus dados e estudos educacionais o Inep realiza levantamentos estat\u00edsticos e avaliativos em todos os n\u00edveis e modalidades de ensino,promove encontros para discutir os temas educacionais e disponibiliza tamb\u00e9m outras fontes de consulta sobre educa\u00e7\u00e3o.<\/p>\n<p>&nbsp;<\/p>\n<p>Fonte:\u00a0<a href=\"http:\/\/portal.inep.gov.br\/web\/acesso-a-informacao\/\">http:\/\/portal.inep.gov.br\/web\/acesso-a-informacao\/<\/a>\u00a0 &#8211; Acesso em 17 de maio de 2012.<\/p>\n<p>&nbsp;<\/p>\n<p><b><strong>O que \u00e9 CONAES?<\/strong><\/b><\/p>\n<p>&nbsp;<\/p>\n<p>Comiss\u00e3o Nacional de Avalia\u00e7\u00e3o da Educa\u00e7\u00e3o Superior.<\/p>\n<p>&nbsp;<\/p>\n<p>\u00c9\u00a0o \u00f3rg\u00e3o colegiado de coordena\u00e7\u00e3o e supervis\u00e3o do Sistema Nacional de Avalia\u00e7\u00e3o da Educa\u00e7\u00e3o Superior SINAES, institu\u00eddo pela Lei n\u00ba 10.861, de 14 de Abril de 2004.<\/p>\n<p>&nbsp;<\/p>\n<p>Fonte:\u00a0<a href=\"http:\/\/portal.mec.gov.br\/\">http:\/\/portal.mec.gov.br\/<\/a>\u00a0&#8211; Acesso em 17 de maio de 2012.<\/p>\n<p>&nbsp;<\/p>\n<p><b><strong>Quem comp\u00f5e\u00a0a CONAES?<\/strong><\/b><\/p>\n<p>&nbsp;<\/p>\n<blockquote><p><strong>&#8211;\u00a0Presidente.<\/strong><\/p>\n<p><strong>&#8211;\u00a0Representante do\u00a0INEP.<\/strong><\/p>\n<p><strong>&#8211; Representante da Funda\u00e7\u00e3o Coordena\u00e7\u00e3o de Aperfei\u00e7oamento de Pessoal de N\u00edvel Superior &#8211; CAPES.<\/strong><\/p>\n<p><strong>&#8211; 03 Representantes do Minist\u00e9rio da Educa\u00e7\u00e3o: SETEC, SERES e SESu.<\/strong><\/p>\n<p><strong>&#8211; Representante do Corpo Discente das Institui\u00e7\u00f5es de Educa\u00e7\u00e3o superior.<\/strong><\/p>\n<p><strong>&#8211; Representante do Corpo Docente das Institui\u00e7\u00f5es de Educa\u00e7\u00e3o Superior.<\/strong><\/p>\n<p><strong>&#8211; Representante do Corpo T\u00e9cnico-Administrativo das Institui\u00e7\u00f5es de Educa\u00e7\u00e3o\u00a0 Superior.<\/strong><\/p>\n<p><strong>&#8211; 04 Representantes com Not\u00f3rio Saber Cient\u00edfico, Filos\u00f3fico e Art\u00edstico, E Reconhecida Compet\u00eancia em Avalia\u00e7\u00e3o ou Gest\u00e3o da Educa\u00e7\u00e3o Superior.<\/strong><\/p><\/blockquote>\n<p>&nbsp;<\/p>\n<p><b><strong>Fonte:\u00a0<a href=\"http:\/\/portal.mec.gov.br\/\">http:\/\/portal.mec.gov.br\/<\/a>\u00a0&#8211; Acesso em 17 de maio de 2012.<\/strong><\/b><\/p>\n","protected":false},"excerpt":{"rendered":"<p>O que \u00e9 a CPA? Comiss\u00e3o Pr\u00f3pria de Avalia\u00e7\u00e3o. Foi criada para realizar o processo de autoavalia\u00e7\u00e3o da Univasf atrav\u00e9s da Resolu\u00e7\u00e3o 07\/2005,\u00a0aprovada em 08 de agosto de 2005, que estabelece o Regimento Interno da CPA\/Univasf, a qual realiza suas atividades em parceria com as Comiss\u00f5es de Avalia\u00e7\u00e3o nos Colegiados \u2013 CAC\u2019s. Para que serve\u2026 <span class=\"read-more\"><a href=\"https:\/\/cpa.univasf.edu.br\/?page_id=28\">Read More &raquo;<\/a><\/span><\/p>\n","protected":false},"author":1,"featured_media":0,"parent":0,"menu_order":0,"comment_status":"closed","ping_status":"closed","template":"","meta":{"_exactmetrics_skip_tracking":false,"_exactmetrics_sitenote_active":false,"_exactmetrics_sitenote_note":"","_exactmetrics_sitenote_category":0,"footnotes":""},"class_list":["post-28","page","type-page","status-publish","hentry"],"_links":{"self":[{"href":"https:\/\/cpa.univasf.edu.br\/index.php?rest_route=\/wp\/v2\/pages\/28","targetHints":{"allow":["GET"]}}],"collection":[{"href":"https:\/\/cpa.univasf.edu.br\/index.php?rest_route=\/wp\/v2\/pages"}],"about":[{"href":"https:\/\/cpa.univasf.edu.br\/index.php?rest_route=\/wp\/v2\/types\/page"}],"author":[{"embeddable":true,"href":"https:\/\/cpa.univasf.edu.br\/index.php?rest_route=\/wp\/v2\/users\/1"}],"replies":[{"embeddable":true,"href":"https:\/\/cpa.univasf.edu.br\/index.php?rest_route=%2Fwp%2Fv2%2Fcomments&post=28"}],"version-history":[{"count":2,"href":"https:\/\/cpa.univasf.edu.br\/index.php?rest_route=\/wp\/v2\/pages\/28\/revisions"}],"predecessor-version":[{"id":312,"href":"https:\/\/cpa.univasf.edu.br\/index.php?rest_route=\/wp\/v2\/pages\/28\/revisions\/312"}],"wp:attachment":[{"href":"https:\/\/cpa.univasf.edu.br\/index.php?rest_route=%2Fwp%2Fv2%2Fmedia&parent=28"}],"curies":[{"name":"wp","href":"https:\/\/api.w.org\/{rel}","templated":true}]}}