{"id":30,"date":"2016-09-21T15:51:03","date_gmt":"2016-09-21T18:51:03","guid":{"rendered":"http:\/\/www.cpa.univasf.edu.br\/?page_id=30"},"modified":"2026-02-12T02:30:49","modified_gmt":"2026-02-12T05:30:49","slug":"quem-somos","status":"publish","type":"page","link":"https:\/\/cpa.univasf.edu.br\/?page_id=30","title":{"rendered":"Quem Somos"},"content":{"rendered":"<h2><b><strong>MEMBROS DA COMISS\u00c3O PR\u00d3PRIA DE AVALIA\u00c7\u00c3O \u2013 CPA\/Univasf<\/strong><\/b><\/h2>\n\n<table id=\"tablepress-3\" class=\"tablepress tablepress-id-3\">\n<thead>\n<tr class=\"row-1\">\n\t<th class=\"column-1\">Cargo\/Fun\u00e7\u00e3o<\/th><th class=\"column-2\">Nome<\/th><th class=\"column-3\">Matr\u00edcula SIAPE\/CPF<\/th><th class=\"column-4\">In\u00edcio de Vig\u00eancia<\/th><th class=\"column-5\">Portaria<\/th>\n<\/tr>\n<\/thead>\n<tbody class=\"row-striping row-hover\">\n<tr class=\"row-2\">\n\t<td class=\"column-1\">Presidente<\/td><td class=\"column-2\">Kedma de Magalh\u00e3es Lima<\/td><td class=\"column-3\">1108603<\/td><td class=\"column-4\">20\/05\/2025<\/td><td class=\"column-5\"><a href=\"https:\/\/cpa.univasf.edu.br\/wp-content\/uploads\/2025\/09\/PORTARIA-No-2471REITORIAUNIVASF.pdf\" rel=\"noopener\" target=\"_blank\">Portaria n\u00ba. 2471\/2025<\/a><\/td>\n<\/tr>\n<tr class=\"row-3\">\n\t<td class=\"column-1\">Representante Docente<\/td><td class=\"column-2\">Everton Cristian Rodrigues de Souza<\/td><td class=\"column-3\">3120710<\/td><td class=\"column-4\">20\/05\/2025<\/td><td class=\"column-5\"><a href=\"https:\/\/cpa.univasf.edu.br\/wp-content\/uploads\/2025\/09\/PORTARIA-No-2471REITORIAUNIVASF.pdf\" rel=\"noopener\" target=\"_blank\">Portaria n\u00ba. 2471\/2025<\/a><\/td>\n<\/tr>\n<tr class=\"row-4\">\n\t<td class=\"column-1\">Representante Docente<\/td><td class=\"column-2\">Felipe Hugo Alencar Fernandes<\/td><td class=\"column-3\">3430519<\/td><td class=\"column-4\">15\/09\/2025<\/td><td class=\"column-5\"><a href=\"https:\/\/cpa.univasf.edu.br\/wp-content\/uploads\/2025\/09\/PORTARIA-No-2471REITORIAUNIVASF.pdf\" rel=\"noopener\" target=\"_blank\">Portaria n\u00ba. 2471\/2025<\/a><\/td>\n<\/tr>\n<tr class=\"row-5\">\n\t<td class=\"column-1\">Representante Docente \u2013 \u00c1rea de Extens\u00e3o<\/td><td class=\"column-2\">Michelle Christini Araujo Vieira<\/td><td class=\"column-3\">1517673<\/td><td class=\"column-4\">20\/05\/2025<\/td><td class=\"column-5\"><a href=\"https:\/\/cpa.univasf.edu.br\/wp-content\/uploads\/2025\/09\/PORTARIA-No-2471REITORIAUNIVASF.pdf\" rel=\"noopener\" target=\"_blank\">Portaria n\u00ba. 2471\/2025<\/a><\/td>\n<\/tr>\n<tr class=\"row-6\">\n\t<td class=\"column-1\">Representante Discente<\/td><td class=\"column-2\">Elionilson Gomes Furtado<\/td><td class=\"column-3\">***<\/td><td class=\"column-4\">29\/08\/2025<\/td><td class=\"column-5\"><a href=\"https:\/\/cpa.univasf.edu.br\/wp-content\/uploads\/2025\/09\/PORTARIA-No-2471REITORIAUNIVASF.pdf\" rel=\"noopener\" target=\"_blank\">Portaria n\u00ba. 2471\/2025<\/a><\/td>\n<\/tr>\n<tr class=\"row-7\">\n\t<td class=\"column-1\">Representante TAE<\/td><td class=\"column-2\">Marcelino Saturnino da Silva Filho<\/td><td class=\"column-3\">2149916<\/td><td class=\"column-4\">29\/08\/2025<\/td><td class=\"column-5\"><a href=\"https:\/\/cpa.univasf.edu.br\/wp-content\/uploads\/2025\/09\/PORTARIA-No-2471REITORIAUNIVASF.pdf\" rel=\"noopener\" target=\"_blank\">Portaria n\u00ba. 2471\/2025<\/a><\/td>\n<\/tr>\n<tr class=\"row-8\">\n\t<td class=\"column-1\">Representante da Comunidade Externa<\/td><td class=\"column-2\">Tassio Muniz Malvezzi<\/td><td class=\"column-3\">***<\/td><td class=\"column-4\">06\/05\/2025<\/td><td class=\"column-5\"><a href=\"https:\/\/cpa.univasf.edu.br\/wp-content\/uploads\/2025\/09\/PORTARIA-No-2471REITORIAUNIVASF.pdf\" rel=\"noopener\" target=\"_blank\">Portaria n\u00ba. 2471\/2025<\/a><\/td>\n<\/tr>\n<tr class=\"row-9\">\n\t<td class=\"column-1\">Vice-Presidente<\/td><td class=\"column-2\">Nayara Mendes Cruz<\/td><td class=\"column-3\">1245477<\/td><td class=\"column-4\">20\/05\/2025<\/td><td class=\"column-5\"><a href=\"https:\/\/cpa.univasf.edu.br\/wp-content\/uploads\/2025\/09\/PORTARIA-No-2471REITORIAUNIVASF.pdf\" rel=\"noopener\" target=\"_blank\">Portaria n\u00ba. 2471\/2025<\/a><\/td>\n<\/tr>\n<tr class=\"row-10\">\n\t<td class=\"column-1\">Representante Docente (Suplente)<\/td><td class=\"column-2\">Felipe Guilherme de Oliveira Melo<\/td><td class=\"column-3\">1042030<\/td><td class=\"column-4\">20\/05\/2025<\/td><td class=\"column-5\"><a href=\"https:\/\/cpa.univasf.edu.br\/wp-content\/uploads\/2025\/09\/PORTARIA-No-2471REITORIAUNIVASF.pdf\" rel=\"noopener\" target=\"_blank\">Portaria n\u00ba. 2471\/2025<\/a><\/td>\n<\/tr>\n<tr class=\"row-11\">\n\t<td class=\"column-1\">Representante Docente \u2013 \u00c1rea de Pesquisa (Suplente)<\/td><td class=\"column-2\">Paulo Jose Pereira<\/td><td class=\"column-3\">1481719<\/td><td class=\"column-4\">04\/09\/2023<\/td><td class=\"column-5\"><a href=\"https:\/\/cpa.univasf.edu.br\/wp-content\/uploads\/2025\/09\/PORTARIA-No-2471REITORIAUNIVASF.pdf\" rel=\"noopener\" target=\"_blank\">Portaria n\u00ba. 2471\/2025<\/a><\/td>\n<\/tr>\n<tr class=\"row-12\">\n\t<td class=\"column-1\">Representante Docente \u2013 \u00c1rea de Extens\u00e3o (Suplente)<\/td><td class=\"column-2\">Audimar de Sousa Alves<\/td><td class=\"column-3\">1706932<\/td><td class=\"column-4\">20\/05\/2025<\/td><td class=\"column-5\"><a href=\"https:\/\/cpa.univasf.edu.br\/wp-content\/uploads\/2025\/09\/PORTARIA-No-2471REITORIAUNIVASF.pdf\" rel=\"noopener\" target=\"_blank\">Portaria n\u00ba. 2471\/2025<\/a><\/td>\n<\/tr>\n<tr class=\"row-13\">\n\t<td class=\"column-1\">Representante Discente (Suplente)<\/td><td class=\"column-2\">Sanielly Maria da Silva Jatoba<\/td><td class=\"column-3\">***<\/td><td class=\"column-4\">29\/08\/2025<\/td><td class=\"column-5\"><a href=\"https:\/\/cpa.univasf.edu.br\/wp-content\/uploads\/2025\/09\/PORTARIA-No-2471REITORIAUNIVASF.pdf\" rel=\"noopener\" target=\"_blank\">Portaria n\u00ba. 2471\/2025<\/a><\/td>\n<\/tr>\n<tr class=\"row-14\">\n\t<td class=\"column-1\">Representante TAE (Suplente)<\/td><td class=\"column-2\">Rayssa Kelly de Oliveira Nascimento<\/td><td class=\"column-3\">1069897<\/td><td class=\"column-4\">29\/08\/2025<\/td><td class=\"column-5\"><a href=\"https:\/\/cpa.univasf.edu.br\/wp-content\/uploads\/2025\/09\/PORTARIA-No-2471REITORIAUNIVASF.pdf\" rel=\"noopener\" target=\"_blank\">Portaria n\u00ba. 2471\/2025<\/a><\/td>\n<\/tr>\n<tr class=\"row-15\">\n\t<td class=\"column-1\">Representante da Comunidade Externa (Suplente)<\/td><td class=\"column-2\">Daniel Esdras Fonseca Farias<\/td><td class=\"column-3\">..*-<\/td><td class=\"column-4\">06\/05\/2025<\/td><td class=\"column-5\"><a href=\"https:\/\/cpa.univasf.edu.br\/wp-content\/uploads\/2025\/09\/PORTARIA-No-2471REITORIAUNIVASF.pdf\" rel=\"noopener\" target=\"_blank\">Portaria n\u00ba. 2471\/2025<\/a><\/td>\n<\/tr>\n<\/tbody>\n<tfoot>\n<tr class=\"row-16\">\n\t<th colspan=\"5\" class=\"column-1\">Atualizado pela \u00faltima vez em: 12\/03\/2024.<\/th>\n<\/tr>\n<\/tfoot>\n<\/table>\n<!-- #tablepress-3 from cache -->\n<p><b><strong>Estagi\u00e1rios (\u00c1rea de Engenharia da Computa\u00e7\u00e3o):<\/strong><\/b><\/p>\n<ol>\n<li><strong>Rafael Hernanni Medeiros Silva<\/strong><\/li>\n<li><strong>Nadjon Filipe Santos Oliveira<\/strong><\/li>\n<\/ol>\n<p>Veja tamb\u00e9m: <a href=\"https:\/\/cpa.univasf.edu.br\/?page_id=1074\">Composi\u00e7\u00e3o das CPAC&#8217;s.<\/a><\/p>\n\n\n<p><\/p>\n","protected":false},"excerpt":{"rendered":"<p>MEMBROS DA COMISS\u00c3O PR\u00d3PRIA DE AVALIA\u00c7\u00c3O \u2013 CPA\/Univasf Estagi\u00e1rios (\u00c1rea de Engenharia da Computa\u00e7\u00e3o): Rafael Hernanni Medeiros Silva Nadjon Filipe Santos Oliveira Veja tamb\u00e9m: Composi\u00e7\u00e3o das CPAC&#8217;s.<\/p>\n","protected":false},"author":1,"featured_media":0,"parent":0,"menu_order":0,"comment_status":"closed","ping_status":"closed","template":"","meta":{"_exactmetrics_skip_tracking":false,"_exactmetrics_sitenote_active":false,"_exactmetrics_sitenote_note":"","_exactmetrics_sitenote_category":0,"footnotes":""},"class_list":["post-30","page","type-page","status-publish","hentry"],"_links":{"self":[{"href":"https:\/\/cpa.univasf.edu.br\/index.php?rest_route=\/wp\/v2\/pages\/30","targetHints":{"allow":["GET"]}}],"collection":[{"href":"https:\/\/cpa.univasf.edu.br\/index.php?rest_route=\/wp\/v2\/pages"}],"about":[{"href":"https:\/\/cpa.univasf.edu.br\/index.php?rest_route=\/wp\/v2\/types\/page"}],"author":[{"embeddable":true,"href":"https:\/\/cpa.univasf.edu.br\/index.php?rest_route=\/wp\/v2\/users\/1"}],"replies":[{"embeddable":true,"href":"https:\/\/cpa.univasf.edu.br\/index.php?rest_route=%2Fwp%2Fv2%2Fcomments&post=30"}],"version-history":[{"count":44,"href":"https:\/\/cpa.univasf.edu.br\/index.php?rest_route=\/wp\/v2\/pages\/30\/revisions"}],"predecessor-version":[{"id":1567,"href":"https:\/\/cpa.univasf.edu.br\/index.php?rest_route=\/wp\/v2\/pages\/30\/revisions\/1567"}],"wp:attachment":[{"href":"https:\/\/cpa.univasf.edu.br\/index.php?rest_route=%2Fwp%2Fv2%2Fmedia&parent=30"}],"curies":[{"name":"wp","href":"https:\/\/api.w.org\/{rel}","templated":true}]}}