{"id":32,"date":"2016-09-21T15:51:32","date_gmt":"2016-09-21T18:51:32","guid":{"rendered":"http:\/\/www.cpa.univasf.edu.br\/?page_id=32"},"modified":"2021-04-23T10:23:10","modified_gmt":"2021-04-23T13:23:10","slug":"composicao-das-cpacs","status":"publish","type":"page","link":"https:\/\/cpa.univasf.edu.br\/?page_id=32","title":{"rendered":"Composi\u00e7\u00e3o das CPACs"},"content":{"rendered":"<ol>\n<li>Administra\u00e7\u00e3o<\/li>\n<li>Antropologia<\/li>\n<li>Arqueologia e Preserva\u00e7\u00e3o Ambiental<\/li>\n<li>Artes Visuais<\/li>\n<li>Ci\u00eancias Biol\u00f3gicas<\/li>\n<li>Ci\u00eancias da Natureza (S\u00e3o Raimundo Nonato)<\/li>\n<li>Ci\u00eancias da Natureza (Senhor do Bonfim)<\/li>\n<li>Ci\u00eancias Sociais<\/li>\n<li>Ecologia<\/li>\n<li>Educa\u00e7\u00e3o F\u00edsica<\/li>\n<li>Enfermagem<\/li>\n<li>Engenharia Agr\u00edcola e Ambiental<\/li>\n<li>Engenharia Agron\u00f4mica<\/li>\n<li>Engenharia Civil<\/li>\n<li>Engenharia de Computa\u00e7\u00e3o<\/li>\n<li>Engenharia de Produ\u00e7\u00e3o<\/li>\n<li>Engenharia El\u00e9trica<\/li>\n<li>Engenharia Mec\u00e2nica<\/li>\n<li>Farm\u00e1cia<\/li>\n<li>Geografia<\/li>\n<li>Medicina<\/li>\n<li>Medicina (Paulo Afonso)<\/li>\n<li>Medicina Veterin\u00e1ria<\/li>\n<li>Psicologia<\/li>\n<li>Qu\u00edmica<\/li>\n<li>Zootecnia<\/li>\n<\/ol>\n<h3><\/h3>\n<h3>ADMINISTRA\u00c7\u00c3O<\/h3>\n<p><b><strong>1.Presidente:<\/strong><\/b>\u00a0Maria Clotilde Meirelles Ribeiro<\/p>\n<p><b><strong>2.Vice-Presidente: <\/strong><\/b>Guilherme de Souza Medeiros<\/p>\n<p><b><strong>3.Representante docente pesquisador, integrante de grupo de pesquisa, registrado no CNPq e certificado pela institui\u00e7\u00e3o:<\/strong><\/b>\u00a0Alvany Maria dos Santos Santiago<\/p>\n<p><b><strong>4.Representante docente atuante em projetos de Extens\u00e3o:<\/strong><\/b>\u00a0Deranor Gomes de Oliveira<\/p>\n<p><b><strong>5.Representante dos discentes, eleito por seus pares:<\/strong><\/b>\u00a0Jakeline Gomes da Silva<\/p>\n<p><b><strong>6.Representante da comunidade externa, indicado pelo Colegiado, com atua\u00e7\u00e3o na \u00e1rea espec\u00edfica ou afim do respectivo curso:\u00a0<\/strong><\/b><span style=\"color: #999999;\"><em>Aguardando Indica\u00e7\u00e3o<\/em><\/span><\/p>\n<h3>ANTROPOLOGIA<\/h3>\n<p><b><strong>1.Presidente:<\/strong><\/b>\u00a0Joaquim do Nascimento J\u00fanior<\/p>\n<p><b><strong>2.Vice-Presidente: <\/strong><\/b>Camila Galan de Paula<\/p>\n<p><b><strong>3.Representante docente pesquisador, integrante de grupo de pesquisa, registrado no CNPq e certificado pela institui\u00e7\u00e3o:<\/strong><\/b>\u00a0Jos\u00e9 Jaime Freitas Macedo<\/p>\n<p><b><strong>4.Representante docente atuante em projetos de Extens\u00e3o:<\/strong><\/b>\u00a0Bernardo Curvelano Freire<\/p>\n<p><b><strong>5.Representante dos discentes, eleito por seus pares:<\/strong><\/b>\u00a0Edmar dos Santos Mota<\/p>\n<p><b><strong>6.Representante da comunidade externa, indicado pelo Colegiado, com atua\u00e7\u00e3o na \u00e1rea espec\u00edfica ou afim do respectivo curso:<\/strong><\/b> <span style=\"color: #999999;\"><em>Aguardando Indica\u00e7\u00e3o<\/em><\/span><\/p>\n<p><b><strong>\u00a0<\/strong><\/b><\/p>\n<h3>ARQUEOLOGIA E PRESERVA\u00c7\u00c3O PATRIMONIAL<\/h3>\n<p><b><strong>1.Presidente:<\/strong><\/b>\u00a0Waldimir Maia Leite Neto<\/p>\n<p><b><strong>2.Vice-Presidente: <\/strong><\/b>Alencar de Miranda Amaral<\/p>\n<p><b><strong>3.Representante docente pesquisador, integrante de grupo de pesquisa, registrado no CNPq e certificado pela institui\u00e7\u00e3o:<\/strong><\/b> Leandro Elias Canaan Mageste<\/p>\n<p><b><strong>4.Representante docente atuante em projetos de Extens\u00e3o:<\/strong><\/b>\u00a0N\u00edvia Paula Dias de Assis<\/p>\n<p><b><strong>5.Representante dos discentes, eleito por seus pares:<\/strong><\/b> Clara Pereira Florio<\/p>\n<p><b><strong>6.Representante da comunidade externa, indicado pelo Colegiado, com atua\u00e7\u00e3o na \u00e1rea espec\u00edfica ou afim do respectivo curso:<\/strong><\/b> Sandro Ribeiro de Castro<\/p>\n<h3>ARTES VISUAIS<\/h3>\n<p><b><strong>1.Presidente:<\/strong><\/b>\u00a0Janedalva Pontes Gondim<\/p>\n<p><b><strong>2.Vice-Presidente<\/strong><\/b>: Fl\u00e1via Maria de Brito Vasconcelos<\/p>\n<p><b><strong>3.Representante docente pesquisador, integrante de grupo de pesquisa, registrado no CNPq e certificado pela institui\u00e7\u00e3o:\u00a0<\/strong><\/b>Clarissa Campello Ramos<\/p>\n<p><b><strong>4.Representante docente atuante em projetos de Extens\u00e3o:\u00a0<\/strong><\/b>Edson Rodrigues Macalini<\/p>\n<p><b><strong>5.Representante dos discentes, eleito por seus pares:\u00a0<\/strong><\/b>Petterson Domingos Sousa Nobre<\/p>\n<p><b><strong>6.Representante da comunidade externa, indicado pelo Colegiado, com atua\u00e7\u00e3o na \u00e1rea espec\u00edfica ou afim do respectivo curso:\u00a0<\/strong><\/b><span style=\"color: #999999;\"><em>Aguardando Indica\u00e7\u00e3o<\/em><\/span><\/p>\n<p><b><strong>\u00a0<\/strong><\/b><\/p>\n<h3>CI\u00caNCIAS BIOL\u00d3GICAS<\/h3>\n<p><b><strong>1.Presidente:<\/strong><\/b> Marlos Gomes Martins<\/p>\n<p><b><strong>2.Vice-Presidente:<\/strong>\u00a0<\/b>Kyria Cilene de A. Bortoleti<\/p>\n<p><b><strong>3.Representante docente pesquisador, integrante de grupo de pesquisa, registrado no CNPq e certificado pela institui\u00e7\u00e3o:\u00a0<\/strong><\/b>Leonardo Barros Ribeiro<\/p>\n<p><b><strong>4.Representante docente atuante em projetos de Extens\u00e3o:<\/strong><\/b> Daniel Salgado Pifano<\/p>\n<p><b><strong>5.Representante dos discentes, eleito por seus pares:<\/strong><\/b>\u00a0Edilson do Carmo Marins J\u00fanior<\/p>\n<p><b><strong>6.Representante da comunidade externa, indicado pelo Colegiado, com atua\u00e7\u00e3o na \u00e1rea espec\u00edfica ou afim do respectivo curso:<\/strong><\/b>\u00a0<span style=\"color: #999999;\"><em>Aguardando Indica\u00e7\u00e3o<\/em><\/span><\/p>\n<h3>CI\u00caNCIA DA NATUREZA (SENHOR DO BONFIM)<\/h3>\n<p><b><strong>1.Presidente:<\/strong><\/b>\u00a0Virginia Farias Pereira de Ara\u00fajo<\/p>\n<p><b><strong>2.Vice-Presidente: <\/strong><\/b>Gustavo Frensch<\/p>\n<p><b><strong>3.Representante docente pesquisador, integrante de grupo de pesquisa, registrado no CNPq e certificado pela institui\u00e7\u00e3o:\u00a0<\/strong><\/b>Liliane Gallindo Dantas de Oliveira<\/p>\n<p><b><strong>4.Representante docente atuante em projetos de Extens\u00e3o:\u00a0<\/strong><\/b>Emanuella Lopes Franco<\/p>\n<p><b><strong>5.Representante dos discentes, eleito por seus pares:\u00a0<\/strong><\/b>Carlos Arl\u00eanio Evangelista Silva<\/p>\n<p><b><strong>6.Representante da comunidade externa, indicado pelo Colegiado, com atua\u00e7\u00e3o na \u00e1rea espec\u00edfica ou afim do respectivo curso:\u00a0<\/strong><\/b><span style=\"color: #999999;\"><em>Aguardando Indica\u00e7\u00e3o<\/em><\/span><\/p>\n<p><b><strong>\u00a0<\/strong><\/b><\/p>\n<h3>CI\u00caNCIA DA NATUREZA (S\u00c3O RAIMUNDO NONATO)<\/h3>\n<p><b><strong>1.Presidente: <\/strong><\/b>Arnaldo Jos\u00e9 Correia Magalh\u00e3es J\u00fanior<\/p>\n<p><b><strong>2.Vice-Presidente:\u00a0<\/strong><\/b>\u00a0Mayane Leite da N\u00f3brega<\/p>\n<p><b><strong>3.Representante docente pesquisador, integrante de grupo de pesquisa, registrado no CNPq e certificado pela institui\u00e7\u00e3o:<\/strong><\/b>\u00a0Ren\u00ea Jota Arruda de Macedo<\/p>\n<p><b><strong>4.Representante docente atuante em projetos de Extens\u00e3o:<\/strong><\/b>\u00a0Andr\u00e9 Luiz Freire da Silva<\/p>\n<p><b><strong>5.Representante dos discentes, eleito por seus pares:<\/strong><\/b>\u00a0Jocilane Fran\u00e7a Pacheco<\/p>\n<p><b><strong>6.Representante da comunidade externa, indicado pelo Colegiado, com atua\u00e7\u00e3o na \u00e1rea espec\u00edfica ou afim do respectivo curso:<\/strong><\/b> <span style=\"color: #999999;\"><em>Aguardando Indica\u00e7\u00e3o<\/em><\/span><\/p>\n<h3>CI\u00caNCIAS FARMAC\u00caUTICAS<\/h3>\n<p><b><strong>1.Presidente: <\/strong><\/b>Cedenir Pereira de Quadros<\/p>\n<p><b><strong>2.Vice-Presidente:\u00a0<\/strong><\/b>Ana C\u00e1cia Freire dos Santos<\/p>\n<p><b><strong>3.Representante docente pesquisador, integrante de grupo de pesquisa, registrado no CNPq e certificado pela institui\u00e7\u00e3o:<\/strong><\/b> Cheila Nataly Galindo Bedor<\/p>\n<p><b><strong>4.Representante docente atuante em projetos de Extens\u00e3o:<\/strong><\/b>\u00a0Tiago Ferreira da Silva Ara\u00fajo<\/p>\n<p><b><strong>5.Representante dos discentes, eleito por seus pares:<\/strong><\/b> Jefferson Felipe Moreira de Sousa<\/p>\n<p><b><strong>6.Representante da comunidade externa, indicado pelo Colegiado, com atua\u00e7\u00e3o na \u00e1rea espec\u00edfica ou afim do respectivo curso:<\/strong><\/b> Rozalva Maria Rodrigues Perazzo<\/p>\n<h3>CI\u00caNCIAS SOCIAIS<\/h3>\n<p><b><strong>1.Presidente: <\/strong><\/b>Paula Galr\u00e3o<\/p>\n<p><b><strong>2.Vice-Presidente: <\/strong><\/b>Vanderlea Andrade<\/p>\n<p><b><strong>3.Representante docente pesquisador, integrante de grupo de pesquisa, registrado no CNPq e certificado pela institui\u00e7\u00e3o:<\/strong><\/b>\u00a0Herm\u00f3genes Moura<\/p>\n<p><b><strong>4.Representante docente atuante em projetos de Extens\u00e3o:<\/strong><\/b>\u00a0Alexandre H. Reis<\/p>\n<p><b><strong>5.Representante dos discentes, eleito por seus pares:<\/strong><\/b>\u00a0Luiz Ricardo Costa Molina<\/p>\n<p><b><strong>6.Representante da comunidade externa, indicado pelo Colegiado, com atua\u00e7\u00e3o na \u00e1rea espec\u00edfica ou afim do respectivo curso:<\/strong><\/b> <span style=\"color: #999999;\"><em>Aguardando Indica\u00e7\u00e3o<\/em><\/span><\/p>\n<h3>ECOLOGIA<\/h3>\n<p><b><strong>1.Presidente:<\/strong><\/b> Felipe Silva Ferreira<\/p>\n<p><b><strong>2.Vice-Presidente:\u00a0<\/strong><\/b>Jhonathan de Oliveira Silva<\/p>\n<p><b><strong>3.Representante docente pesquisador, integrante de grupo de pesquisa, registrado no CNPq e certificado pela institui\u00e7\u00e3o: <\/strong><\/b>Ernani Machado de F. Lins Neto<\/p>\n<p><b><strong>4.Representante docente atuante em projetos de Extens\u00e3o: <\/strong><\/b>Claudine Gon\u00e7alves de Oliveira<\/p>\n<p><b><strong>5.Representante dos discentes, eleito por seus pares:<\/strong><\/b> Breno Silva da Paix\u00e3o<\/p>\n<p><b><strong>6.Representante da comunidade externa, indicado pelo Colegiado, com atua\u00e7\u00e3o na \u00e1rea espec\u00edfica ou afim do respectivo<\/strong><\/b> <strong>curso: <\/strong><span style=\"color: #999999;\"><em>Aguardando Indica\u00e7\u00e3o<\/em><\/span><\/p>\n<h3>EDUCA\u00c7\u00c3O F\u00cdSICA<\/h3>\n<p><b><strong>1.Presidente:<\/strong><\/b>\u00a0Luiz Alcides Ramires Maduro<\/p>\n<p><b><strong>2.Vice-Presidente<\/strong><\/b>: Jos\u00e9 Fernando Vila Nova de Moraes<\/p>\n<p><b><strong>3.Representante docente pesquisador, integrante de grupo de pesquisa, registrado no CNPq e certificado pela institui\u00e7\u00e3o:\u00a0<\/strong><\/b>Jos\u00e9 Roberto Andrade do Nascimento Junior<\/p>\n<p><b><strong>4.Representante docente atuante em projetos de Extens\u00e3o:<\/strong><\/b>Bruno Ot\u00e1vio de Lacerda Abrah\u00e3o<\/p>\n<p><b><strong>5.Representante dos discentes, eleito por seus pares:\u00a0<\/strong><\/b>Leonardo Marcel Santos Moreira<\/p>\n<p><b><strong>6.Representante da comunidade externa, indicado pelo Colegiado, com atua\u00e7\u00e3o na \u00e1rea espec\u00edfica ou afim do respectivo curso:<\/strong><\/b>Leidjane Pereira Siqueira<\/p>\n<p><b><strong>\u00a0<\/strong><\/b><b><strong>\u00a0<\/strong><\/b><\/p>\n<h3>ENFERMAGEM<\/h3>\n<p><b><strong>1.Presidente:<\/strong><\/b> Vit\u00f3ria de Barros Siqueira<\/p>\n<p><b><strong>2.Vice-Presidente: <\/strong><\/b>Tatiane de Oliveira Benevides<\/p>\n<p><b><strong>3.Representante docente pesquisador, integrante de grupo de pesquisa, registrado no CNPq e certificado pela institui\u00e7\u00e3o:<\/strong><\/b>\u00a0Ramom Jos\u00e9 Leal de Moraes<\/p>\n<p><b><strong>4.Representante docente atuante em projetos de Extens\u00e3o:<\/strong><\/b>\u00a0S\u00f4nia Lorema Soeiro Argollo Fernandes<\/p>\n<p><b><strong>5.Representante dos discentes, eleito por seus pares:<\/strong><\/b>\u00a0Manasses Weliton da Silva Cruz<\/p>\n<p><b><strong>6.Representante da comunidade externa, indicado pelo Colegiado, com atua\u00e7\u00e3o na \u00e1rea espec\u00edfica ou afim do respectivo curso:<\/strong><\/b>\u00a0L\u00facia Marilia Ara\u00fajo de Poss\u00eddio<\/p>\n<p><b><strong>\u00a0<\/strong><\/b><\/p>\n<h3>ENGENHARIA AGR\u00cdCOLA E AMBIENTAL<\/h3>\n<p><b><strong>1.Presidente:<\/strong><\/b>\u00a0Adriana Moreno Costa Silva<\/p>\n<p><b><strong>2.Vice-Presidente: <\/strong><\/b>Ant\u00f4nio Pereira Filho<\/p>\n<p><b><strong>3.Representante docente pesquisador, integrante de grupo de pesquisa, registrado no CNPq e certificado pela institui\u00e7\u00e3o:\u00a0<\/strong><\/b>Marlon da Silva Garrido<\/p>\n<p><b><strong>4.Representante docente atuante em projetos de Extens\u00e3o: <\/strong><\/b>Carmem Sueze da Silva Miranda<\/p>\n<p><b><strong>5.Representante dos discentes, eleito por seus pares:<\/strong><\/b>\u00a0Francisco Max Fernandes do Nascimento<\/p>\n<p><b><strong>6.Representante da comunidade externa, indicado pelo Colegiado, com atua\u00e7\u00e3o na \u00e1rea espec\u00edfica ou afim do respectivo curso:\u00a0<\/strong><\/b><span style=\"color: #999999;\"><em>Aguardando Indica\u00e7\u00e3o<\/em><\/span><\/p>\n<p><b><strong>\u00a0<\/strong><\/b><\/p>\n<h3>ENGENHARIA AGRON\u00d4MICA<\/h3>\n<p><b><strong>1.Presidente:<\/strong><\/b> Marcos Sales Rodrigues<\/p>\n<p><b><strong>2.Vice-Presidente:<\/strong><\/b> Cristiane Xavier Galhardo<\/p>\n<p><b><strong>3.Representante docente pesquisador, integrante de grupo de pesquisa, registrado no CNPq e certificado pela institui\u00e7\u00e3o: <\/strong><\/b>\u00cdtalo Herbert Lucena Cavalcante<\/p>\n<p><b><strong>4.Representante docente atuante em projetos de Extens\u00e3o:<\/strong><\/b>El\u00edsia Carmem G. Bastos<\/p>\n<p><b><strong>5.Representante dos discentes, eleito por seus pares:<\/strong><\/b>Daniel Amorim Vieira<\/p>\n<p><b><strong>6.Representante da comunidade externa, indicado pelo Colegiado, com atua\u00e7\u00e3o na \u00e1rea espec\u00edfica ou afim do respectivo curso:<\/strong><\/b>Urbano Lins<\/p>\n<p><b><strong>\u00a0<\/strong><\/b><\/p>\n<h3>ENGENHARIA CIVIL<\/h3>\n<p><b><strong>1.Presidente: <\/strong><\/b>Paulo Cesar Rodrigues de Lima Junior<\/p>\n<p><b><strong>2.Vice-Presidente: <\/strong><\/b>S\u00e9rgio Luis de Oliveira<\/p>\n<p><b><strong>3.Representante docente pesquisador, integrante de grupo de pesquisa, registrado no CNPq e certificado pela institui\u00e7\u00e3o:<\/strong><\/b> Aline Fl\u00e1via Nunes Rem\u00edgio<\/p>\n<p><b><strong>4.Representante docente atuante em projetos de Extens\u00e3o:<\/strong><\/b> Petrucio Antunes Martins<\/p>\n<p><b><strong>5.Representante dos discentes, eleito por seus pares:<\/strong><\/b> Elisa Alves Sarmento<\/p>\n<p><b><strong>6.Representante da comunidade externa, indicado pelo Colegiado, com atua\u00e7\u00e3o na \u00e1rea espec\u00edfica ou afim do respectivo curso:<\/strong><\/b> Armando Ven\u00e2ncio<\/p>\n<h3>ENGENHARIA DA COMPUTA\u00c7\u00c3O<\/h3>\n<p><b><strong>1.Presidente: <\/strong><\/b>Marcus Midena Ramos<\/p>\n<p><b><strong>2.Vice-Presidente:<\/strong><\/b>\u00a0Jorge Lu\u00eds Cavalcanti Ramos<\/p>\n<p><b><strong>3.Representante docente pesquisador, integrante de grupo de pesquisa, registrado no CNPq e certificado pela institui\u00e7\u00e3o:<\/strong><\/b> Brauliro\u00a0Gon\u00e7alves Leal<\/p>\n<p><b><strong>4.Representante docente atuante em projetos de Extens\u00e3o:<\/strong><\/b> Marcelo Santos Linder<\/p>\n<p><b><strong>5.Representante dos discentes, eleito por seus pares:<\/strong><\/b>\u00a0Larissa Rocha<\/p>\n<p><b><strong>6.Representante da comunidade externa, indicado pelo Colegiado, com atua\u00e7\u00e3o na \u00e1rea espec\u00edfica ou afim do respectivo curso:<\/strong><\/b> <em><span style=\"color: #999999;\">Aguardando indica\u00e7\u00e3o<\/span><\/em><\/p>\n<h3>ENGENHARIA DA PRODU\u00c7\u00c3O<\/h3>\n<p><b><strong>1.Presidente: <\/strong><\/b>Alan Francisco Carvalho Pereira<\/p>\n<p><b><strong>2.Vice-Presidente: <\/strong><\/b>Ant\u00f4nio Pires Cris\u00f3stomo<\/p>\n<p><b><strong>3.Representante docente pesquisador, integrante de grupo de pesquisa, registrado no CNPq e certificado pela institui\u00e7\u00e3o:<\/strong><\/b>\u00a0Jos\u00e9 Luiz Moreira de Carvalho<\/p>\n<p><b><strong>4.Representante docente atuante em projetos de Extens\u00e3o:<\/strong><\/b>\u00a0Gunther Josu\u00e9 Costa<\/p>\n<p><b><strong>5.Representante dos discentes, eleito por seus pares:\u00a0<\/strong><\/b>Juliana Fernandes Xavier da Silva<\/p>\n<p><b><strong>6.Representante suplente dos discentes, eleito por seus pares:\u00a0<\/strong><\/b>Carlos Ramon Nunes da Silva<\/p>\n<p><b><strong>7.Representante da comunidade externa, indicado pelo Colegiado, com atua\u00e7\u00e3o na \u00e1rea espec\u00edfica ou afim do respectivo curso:<\/strong><\/b>\u00a0Amanda G\u00f3es Matos Rodrigues<\/p>\n<h3>ENGENHARIA EL\u00c9TRICA<\/h3>\n<p><b><strong>1.Presidente: <\/strong><\/b>Jos\u00e9 Am\u00e9rico de Souza Moura<\/p>\n<p><b><strong>2.Vice-Presidente:<\/strong><\/b> Manoel de Oliveira Santos Sobrinho<\/p>\n<p><b><strong>3.Representante docente pesquisador, integrante de grupo de pesquisa, registrado no CNPq e certificado pela institui\u00e7\u00e3o:<\/strong><\/b>Aguardando indica\u00e7\u00e3o<\/p>\n<p><b><strong>4.Representante docente atuante em projetos de Extens\u00e3o:<\/strong><\/b>\u00a0Aguardando indica\u00e7\u00e3o<\/p>\n<p><b><strong>5.Representante dos discentes, eleito por seus pares:<\/strong><\/b>\u00a0Aguardando indica\u00e7\u00e3o<\/p>\n<p><b><strong>6.Representante da comunidade externa, indicado pelo Colegiado, com atua\u00e7\u00e3o na \u00e1rea espec\u00edfica ou afim do respectivo curso:<\/strong><\/b>\u00a0Aguardando indica\u00e7\u00e3o<\/p>\n<h3>ENGENHARIA MEC\u00c2NICA<\/h3>\n<p><b><strong>1.Presidente: <\/strong><\/b>Alan Christie da Silva Danta<\/p>\n<p><b><strong>2.Vice-Presidente: <\/strong><\/b>Edna Santiago Benta<\/p>\n<p><b><strong>3.Representante docente pesquisador, integrante de grupo de pesquisa, registrado no CNPq e certificado pela institui\u00e7\u00e3o:<\/strong><\/b> Nelson C\u00e1rdenas Olivier<\/p>\n<p><b><strong>4.Representante docente atuante em projetos de Extens\u00e3o:<\/strong><\/b> Luiz Mariano Pereira<\/p>\n<p><b><strong>5.Representante dos discentes, eleito por seus pares:<\/strong><\/b> Mony \u00c9rika Pereira Mendes<\/p>\n<p><b><strong>6.Representante da comunidade externa, indicado pelo Colegiado, com atua\u00e7\u00e3o na \u00e1rea espec\u00edfica ou afim do respectivo curso:\u00a0<\/strong><\/b><span style=\"color: #999999;\"><em>Aguardando Indica\u00e7\u00e3o<\/em><\/span><\/p>\n<h3>GEOGRAFIA<\/h3>\n<p><b><strong>1.Presidente:<\/strong><\/b> Gustavo Hees de Negreiros<\/p>\n<p><b><strong>2.Vice-Presidente: <\/strong><\/b>Nat\u00e1lia Micheli Tavares do Nascimento Silva Mendes<\/p>\n<p><b><strong>3.Representante docente pesquisador, integrante de grupo de pesquisa, registrado no CNPq e certificado pela institui\u00e7\u00e3o: <\/strong><\/b>Pedro Ricardo da Cunha Nobrega<\/p>\n<p><b><strong>4.Representante docente atuante em projetos de Extens\u00e3o: <\/strong><\/b>Atila de Menezes Lima<\/p>\n<p><b><strong>5.Representante dos discentes, eleito por seus pares:<\/strong><\/b>\u00a0Daniel de Souza Campos<\/p>\n<p><b><strong>6.Representante da comunidade externa, indicado pelo Colegiado, com atua\u00e7\u00e3o na \u00e1rea espec\u00edfica ou afim do respectivo<\/strong><\/b> <strong>curso:\u00a0<\/strong>Vandemberg Salvador de Oliveira<\/p>\n<h3>MEDICINA<\/h3>\n<p><b><strong>1.Presidente: <\/strong><\/b>Jandir Mendon\u00e7a Nic\u00e1cio<\/p>\n<p><b><strong>2.Vice-Presidente: <\/strong><\/b>Renata Teixeira Coelho de Andrade Ara\u00fajo<\/p>\n<p><b><strong>3.Representante docente pesquisador, integrante de grupo de pesquisa, registrado no CNPq e certificado pela institui\u00e7\u00e3o:<\/strong><\/b>\u00a0Maria Luciana Lira de Andrade Lopes<\/p>\n<p><b><strong>4.Representante docente atuante em projetos de Extens\u00e3o:<\/strong><\/b>\u00a0Arist\u00f3teles Homero dos Santos Cardona J\u00fanior<\/p>\n<p><b><strong>5.Representante dos discentes, eleito por seus pares:<\/strong><\/b>\u00a0Guido Dias Machado<\/p>\n<p><b><strong>6.Representante da comunidade externa, indicado pelo Colegiado, com atua\u00e7\u00e3o na \u00e1rea espec\u00edfica ou afim do respectivo curso:<\/strong><\/b>\u00a0Fernanda Patr\u00edcia Soares Sampaio Novaes<\/p>\n<h3>MEDICINA (Paulo Afonso)<\/h3>\n<p><b><strong>1.Presidente: <\/strong><\/b>Marina Ferraz Cordeiro<\/p>\n<p><b><strong>2.Vice-Presidente: <\/strong><\/b>Franklin Passos de Ara\u00fajo J\u00fanior<\/p>\n<p><b><strong>3.Representante docente pesquisador, integrante de grupo de pesquisa, registrado no CNPq e certificado pela institui\u00e7\u00e3o:<\/strong><\/b> Melquisedec Abiar\u00e9 Dantas de Santana<\/p>\n<p><b><strong>4.Representante docente atuante em projetos de Extens\u00e3o:<\/strong><\/b> Roberta Stofeles Cecon<\/p>\n<p><b><strong>5.Representante dos discentes, eleito por seus pares: <\/strong><\/b>Tafna Moreira Ferreira Gomes<\/p>\n<p><b><strong>6.Representante da comunidade externa, indicado pelo Colegiado, com atua\u00e7\u00e3o na \u00e1rea espec\u00edfica ou afim do respectivo curso:<\/strong><\/b> Karina Concei\u00e7\u00e3o Sales Alves<\/p>\n<h3>MEDICINA VETERIN\u00c1RIA<\/h3>\n<p><b><strong>1.Presidente:\u00a0<\/strong><\/b>Ren\u00e9 Geraldo Cordeiro Silva Junior<\/p>\n<p><b><strong>2.Vice-Presidente:<\/strong><\/b>Seldon Almeida de Souza<\/p>\n<p><b><strong>3.Representante docente pesquisador, integrante de grupo de pesquisa, registrado no CNPq e certificado pela institui\u00e7\u00e3o:<\/strong><\/b> M\u00e1rcia Bento Moreira<\/p>\n<p><b><strong>4.Representante docente atuante em projetos de Extens\u00e3o:<\/strong><\/b> Flaviane Maria Flor\u00eancio<\/p>\n<p><b><strong>5.Representante dos discentes, eleito por seus pares:<\/strong><\/b> Andr\u00e9 Ara\u00fajo Moraes<\/p>\n<p><b><strong>6.Representante da comunidade externa, indicado pelo Colegiado, com atua\u00e7\u00e3o na \u00e1rea espec\u00edfica ou afim do respectivo curso:<\/strong><\/b> Maria do Carmo Freitas de S\u00e1<\/p>\n<h3>PSICOLOGIA<\/h3>\n<p><b><strong>1.Presidente:\u00a0<\/strong><\/b>Marcela Fulanete Corr\u00eaa<\/p>\n<p><b><strong>2.Vice-Presidente: <\/strong><\/b>Alexandre Franca Barreto<\/p>\n<p><b><strong>3.Representante docente pesquisador, integrante de grupo de pesquisa, registrado no CNPq e certificado pela institui\u00e7\u00e3o:\u00a0<\/strong><\/b>Carla Fernanda Ferreira Rodrigues<\/p>\n<p><b><strong>4.Representante docente atuante em projetos de Extens\u00e3o:<\/strong><\/b>\u00a0Samella dos Santos Vieira<\/p>\n<p><b><strong>5.Representante dos discentes, eleito por seus pares:<\/strong><\/b>\u00a0Rosin\u00e9ia Rocha<\/p>\n<p><b><strong>6.Representante da comunidade externa, indicado pelo Colegiado, com atua\u00e7\u00e3o na \u00e1rea espec\u00edfica ou afim do respectivo curso:<\/strong><\/b>\u00a0Vanessa Novaes<\/p>\n<p><b><strong>\u00a0<\/strong><\/b><\/p>\n<h3>QU\u00cdMICA<\/h3>\n<p><b><strong>1.Presidente:\u00a0<\/strong><\/b>Thiago Pereira da Silva<\/p>\n<p><b><strong>2.Vice-Presidente: <\/strong><\/b>Fernando Cruvinel Damasceno<\/p>\n<p><b><strong>3.Representante docente pesquisador, integrante de grupo de pesquisa, registrado no CNPq e certificado pela institui\u00e7\u00e3o:\u00a0<\/strong><\/b>Vanessa Nascimento dos Santos<\/p>\n<p><b><strong>4.Representante docente atuante em projetos de Extens\u00e3o:<\/strong><\/b>\u00a0Fernando Cruvinel Dasmasceno<\/p>\n<p><b><strong>5.Representante dos discentes, eleito por seus pares:<\/strong><\/b>\u00a0Anderson da Silva Pereira<\/p>\n<p><b><strong>6.Representante da comunidade externa, indicado pelo Colegiado, com atua\u00e7\u00e3o na \u00e1rea espec\u00edfica ou afim do respectivo curso:\u00a0<\/strong><\/b> <span style=\"color: #999999;\"><em>Aguardando Indica\u00e7\u00e3o<\/em><\/span><\/p>\n<h3>ZOOTECNIA<\/h3>\n<p><b><strong>1.Presidente:\u00a0<\/strong><\/b>F\u00c1BIO NUNES LISTA<\/p>\n<p><b><strong>2.Vice-Presidente: <\/strong><\/b>FERNANDA MELO PEREIRA TARAN<\/p>\n<p><b><strong>3.Representante docente pesquisador, integrante de grupo de pesquisa, registrado no CNPq e certificado pela institui\u00e7\u00e3o:\u00a0<\/strong><\/b>Jo\u00e3o Virg\u00ednio Emerenciano Neto<\/p>\n<p><b><strong>4.Representante docente atuante em projetos de Extens\u00e3o:<\/strong><\/b>\u00a0 Hugo Colombarolli Bonf\u00e1<\/p>\n<p><b><strong>5.Representante dos discentes, eleito por seus pares:\u00a0<\/strong><\/b>Josiel Carvalho de Brito<\/p>\n<p><b><strong>6.Representante da comunidade externa, indicado pelo Colegiado, com atua\u00e7\u00e3o na \u00e1rea espec\u00edfica ou afim do respectivo curso: <\/strong><\/b>Tadeu Vinhas Voltolini<\/p>\n<h3><\/h3>\n","protected":false},"excerpt":{"rendered":"<p>Administra\u00e7\u00e3o Antropologia Arqueologia e Preserva\u00e7\u00e3o Ambiental Artes Visuais Ci\u00eancias Biol\u00f3gicas Ci\u00eancias da Natureza (S\u00e3o Raimundo Nonato) Ci\u00eancias da Natureza (Senhor do Bonfim) Ci\u00eancias Sociais Ecologia Educa\u00e7\u00e3o F\u00edsica Enfermagem Engenharia Agr\u00edcola e Ambiental Engenharia Agron\u00f4mica Engenharia Civil Engenharia de Computa\u00e7\u00e3o Engenharia de Produ\u00e7\u00e3o Engenharia El\u00e9trica Engenharia Mec\u00e2nica Farm\u00e1cia Geografia Medicina Medicina (Paulo Afonso) Medicina Veterin\u00e1ria Psicologia\u2026 <span class=\"read-more\"><a href=\"https:\/\/cpa.univasf.edu.br\/?page_id=32\">Read More &raquo;<\/a><\/span><\/p>\n","protected":false},"author":1,"featured_media":0,"parent":30,"menu_order":0,"comment_status":"closed","ping_status":"closed","template":"","meta":{"_exactmetrics_skip_tracking":false,"_exactmetrics_sitenote_active":false,"_exactmetrics_sitenote_note":"","_exactmetrics_sitenote_category":0,"footnotes":""},"class_list":["post-32","page","type-page","status-publish","hentry"],"_links":{"self":[{"href":"https:\/\/cpa.univasf.edu.br\/index.php?rest_route=\/wp\/v2\/pages\/32","targetHints":{"allow":["GET"]}}],"collection":[{"href":"https:\/\/cpa.univasf.edu.br\/index.php?rest_route=\/wp\/v2\/pages"}],"about":[{"href":"https:\/\/cpa.univasf.edu.br\/index.php?rest_route=\/wp\/v2\/types\/page"}],"author":[{"embeddable":true,"href":"https:\/\/cpa.univasf.edu.br\/index.php?rest_route=\/wp\/v2\/users\/1"}],"replies":[{"embeddable":true,"href":"https:\/\/cpa.univasf.edu.br\/index.php?rest_route=%2Fwp%2Fv2%2Fcomments&post=32"}],"version-history":[{"count":32,"href":"https:\/\/cpa.univasf.edu.br\/index.php?rest_route=\/wp\/v2\/pages\/32\/revisions"}],"predecessor-version":[{"id":1094,"href":"https:\/\/cpa.univasf.edu.br\/index.php?rest_route=\/wp\/v2\/pages\/32\/revisions\/1094"}],"up":[{"embeddable":true,"href":"https:\/\/cpa.univasf.edu.br\/index.php?rest_route=\/wp\/v2\/pages\/30"}],"wp:attachment":[{"href":"https:\/\/cpa.univasf.edu.br\/index.php?rest_route=%2Fwp%2Fv2%2Fmedia&parent=32"}],"curies":[{"name":"wp","href":"https:\/\/api.w.org\/{rel}","templated":true}]}}